{"id":1938,"date":"2024-07-30T07:43:44","date_gmt":"2024-07-30T07:43:44","guid":{"rendered":"https:\/\/www.lescale-du-perthuis.com\/kontakt-anfahrt\/"},"modified":"2026-03-25T10:49:27","modified_gmt":"2026-03-25T10:49:27","slug":"kontakt-anfahrt","status":"publish","type":"page","link":"https:\/\/www.lescale-du-perthuis.com\/de\/kontakt-anfahrt\/","title":{"rendered":"Infos und Kontakt"},"content":{"rendered":"<section id=\"ls-section-block_ee2f72821e75b8137cdbc9e1a2f09961\" class=\"ls-section  page-one has-background has-color-4-background-color has-m-t m-t-0 has-m-b m-b-0\" >\r\n        <div class=\"container container--wide\">\r\n        \n\n<h1 class=\"ls__heading wp-block-heading has-text-align-center\">Kontakt und Anfahrt zum Campingplatz<\/h1>\n\n\n\n<p class=\"ls-paragraph has-text-align-center\">Machen Sie sich auf den Weg zu Ihrem n\u00e4chsten <strong>unvergesslichen Urlaub<\/strong>! Hier finden Sie alle Informationen, um <strong>uns zu kontaktieren<\/strong> und unseren Campingplatz einfach zu erreichen.<\/p>\n\n\n\n<div class=\"wp-block-columns is-layout-flex wp-container-core-columns-is-layout-1 wp-block-columns-is-layout-flex\">\n<div class=\"wp-block-column is-vertically-aligned-center second animated fadeInLeft slow is-layout-flow wp-block-column-is-layout-flow\" style=\"flex-basis:55%\">\n<h2 class=\"ls__heading wp-block-heading\">Kontaktieren Sie uns<\/h2>\n\n\n\n<p class=\"ls-paragraph\">Cyril und sein gesamtes Team <strong>stehen Ihnen<\/strong> das ganze Jahr \u00fcber <strong>zur Verf\u00fcgung<\/strong>, um Ihre Fragen zu beantworten.<\/p>\n\n\n\n<p class=\"ls-paragraph\"><strong>Telefonisch<\/strong>:<br\/>Kontaktieren Sie uns unter <strong>+33 2 51 30 38 96<\/strong>, t\u00e4glich von <strong>9.00 bis 12.00 Uhr und von 14.00 bis 18.00 Uhr<\/strong>. Sollten Sie nicht erreichbar sein, hinterlassen Sie uns bitte eine Nachricht, wir werden Ihnen so schnell wie m\u00f6glich antworten.<\/p>\n\n\n\n<p class=\"ls-paragraph\"><strong>Per E-Mail oder Post<\/strong>:<br\/>Richten Sie Ihre Anfragen schriftlich an die Adresse des Campingplatzes oder per E-Mail an <strong>lescaleduperthuis@flowercampings.com<\/strong>.<\/p>\n\n\n\n<p class=\"ls-paragraph\"><strong>Online-Formular<\/strong>:<br\/>Sie k\u00f6nnen uns auch erreichen, indem Sie das Formular auf unserer Website ausf\u00fcllen.<\/p>\n\n\n\n<p class=\"ls-paragraph\"><strong>Soziale Netzwerke<\/strong>:<br\/>Verfolgen Sie unsere Neuigkeiten und Tipps auf <a href=\"https:\/\/www.instagram.com\/lescaleduperthuis\/\">Instagram <\/a>und <a href=\"https:\/\/www.facebook.com\/lescaleduperthuis\/?locale=fr_FR\" target=\"_blank\" rel=\"noreferrer noopener nofollow\">Facebook<\/a>, um mit uns in Verbindung zu bleiben.<\/p>\n<\/div>\n\n\n\n<div class=\"wp-block-column is-vertically-aligned-center first animated fadeInRight delay-100ms slow is-layout-flow wp-block-column-is-layout-flow\" style=\"flex-basis:45%\">\n<div class=\"wp-block-contact-form-7-contact-form-selector\">\n<div class=\"wpcf7 no-js\" id=\"wpcf7-f2082-o1\" lang=\"de-DE\" dir=\"ltr\" data-wpcf7-id=\"2082\">\n<div class=\"screen-reader-response\"><p role=\"status\" aria-live=\"polite\" aria-atomic=\"true\"><\/p> <ul><\/ul><\/div>\n<form action=\"\/de\/wp-json\/wp\/v2\/pages\/1938#wpcf7-f2082-o1\" method=\"post\" class=\"wpcf7-form init\" aria-label=\"Kontaktformular\" novalidate=\"novalidate\" data-status=\"init\">\n<div style=\"display: none;\">\n<input type=\"hidden\" name=\"_wpcf7\" value=\"2082\" \/>\n<input type=\"hidden\" name=\"_wpcf7_version\" value=\"6.0\" \/>\n<input type=\"hidden\" name=\"_wpcf7_locale\" value=\"de_DE\" \/>\n<input type=\"hidden\" name=\"_wpcf7_unit_tag\" value=\"wpcf7-f2082-o1\" \/>\n<input type=\"hidden\" name=\"_wpcf7_container_post\" value=\"0\" \/>\n<input type=\"hidden\" name=\"_wpcf7_posted_data_hash\" value=\"\" \/>\n<input type=\"hidden\" name=\"_wpcf7_recaptcha_response\" value=\"\" \/>\n<\/div>\n<p><label> Ihr Name*.<br \/>\n<span class=\"wpcf7-form-control-wrap\" data-name=\"your-name\"><input size=\"40\" maxlength=\"400\" class=\"wpcf7-form-control wpcf7-text wpcf7-validates-as-required\" autocomplete=\"name\" aria-required=\"true\" aria-invalid=\"false\" value=\"\" type=\"text\" name=\"your-name\" \/><\/span> <\/label>\n<\/p>\n<p><label> Ihre E-Mail-Adresse*.<br \/>\n<span class=\"wpcf7-form-control-wrap\" data-name=\"your-email\"><input size=\"40\" maxlength=\"400\" class=\"wpcf7-form-control wpcf7-email wpcf7-validates-as-required wpcf7-text wpcf7-validates-as-email\" autocomplete=\"email\" aria-required=\"true\" aria-invalid=\"false\" value=\"\" type=\"email\" name=\"your-email\" \/><\/span> <\/label>\n<\/p>\n<p><label> Betreff*.<br \/>\n<span class=\"wpcf7-form-control-wrap\" data-name=\"your-subject\"><input size=\"40\" maxlength=\"400\" class=\"wpcf7-form-control wpcf7-text wpcf7-validates-as-required\" aria-required=\"true\" aria-invalid=\"false\" value=\"\" type=\"text\" name=\"your-subject\" \/><\/span> <\/label>\n<\/p>\n<p><label> Ihre Nachricht<br \/>\n<span class=\"wpcf7-form-control-wrap\" data-name=\"your-message\"><textarea cols=\"40\" rows=\"10\" maxlength=\"2000\" class=\"wpcf7-form-control wpcf7-textarea\" aria-invalid=\"false\" name=\"your-message\"><\/textarea><\/span> <\/label>\n<\/p>\n<p><span class=\"wpcf7-form-control-wrap\" data-name=\"acceptance-553\"><span class=\"wpcf7-form-control wpcf7-acceptance\"><span class=\"wpcf7-list-item\"><label><input type=\"checkbox\" name=\"acceptance-553\" value=\"1\" aria-invalid=\"false\" \/><span class=\"wpcf7-list-item-label\">Indem ich dieses K\u00e4stchen anklicke, akzeptiere ich die <a href=\"\/politique-de-confidentialite\/\" rel=\"nofollow\" target=\"_blank\">Datenschutzbestimmungen<\/a> dieser Website.<\/span><\/label><\/span><\/span><\/span>\n<\/p>\n<p><input class=\"wpcf7-form-control wpcf7-submit has-spinner\" type=\"submit\" value=\"Senden Sie\" \/>\n<\/p><input type='hidden' class='wpcf7-pum' value='{\"closepopup\":false,\"closedelay\":0,\"openpopup\":false,\"openpopup_id\":0}' \/><div class=\"wpcf7-response-output\" aria-hidden=\"true\"><\/div>\n<\/form>\n<\/div>\n<\/div>\n<\/div>\n<\/div>\n\n\r\n    <\/div>\r\n<\/section><section id=\"ls-section-block_277d7847d7db1b507028016b738f9f14\" class=\"ls-section  page-one aventure has-background has-color-white-background-color has-m-t m-t-0 has-m-b m-b-0 has-p-t p-t-14 has-p-b p-b-14\" >\r\n        <div class=\"container container--wide\">\r\n        \n\n<div class=\"wp-block-columns is-layout-flex wp-container-core-columns-is-layout-2 wp-block-columns-is-layout-flex\">\n<div class=\"wp-block-column animated fadeInLeft slow is-layout-flow wp-block-column-is-layout-flow\" style=\"flex-basis:45%\"><\/div>\n\n\n\n<div class=\"wp-block-column is-vertically-aligned-center animated fadeInRight delay-100ms slow is-layout-flow wp-block-column-is-layout-flow\" style=\"flex-basis:55%\">\n<h2 class=\"ls__heading wp-block-heading\">Anreise zum Campingplatz<\/h2>\n\n\n\n<p class=\"ls-paragraph\">Planen Sie Ihre Ankunft auf dem <a href=\"https:\/\/www.lescale-du-perthuis.com\/de\/\">Campingplatz L&#8217;Escale du Perthuis<\/a> ganz einfach!  <\/p>\n\n\n\n<p class=\"ls-paragraph\">Mit dem Auto, dem Zug oder dem Bus, wir f\u00fchren Sie problemlos zu Ihrem <strong>Urlaubsziel in der Vend\u00e9e<\/strong>.<\/p>\n\n\n<div id=\"faq\" class=\"faq-container\"><div class=\"faq-wrap\" itemscope=\"\" itemtype=\"https:\/\/schema.org\/FAQPage\"><div class=\"faq__box faq__item\"><div class=\"faq__container\"><div class=\"faq__block\" itemscope=\"\" itemprop=\"mainEntity\" itemtype=\"https:\/\/schema.org\/Question\"><details class=\"faq\"><summary class=\"faq-question\" itemprop=\"name\">Mit dem Zug<span class=\"faq-opener\"><\/span><\/summary><div class=\"content\" itemscope=\"\" itemprop=\"acceptedAnswer\" itemtype=\"https:\/\/schema.org\/Answer\"><div itemprop=\"text\"><p class=\"ls-paragraph\">N\u00e4chster Bahnhof: <strong>La Roche-sur-Yon<\/strong> (ca. 40 km entfernt).<\/p>\n<p><!-- \/wp:paragraph --> <!-- wp:paragraph --><\/p>\n<p class=\"ls-paragraph\">Vom Bahnhof aus k\u00f6nnen Sie mit Regionalbussen oder Taxis zum Campingplatz fahren.<\/p>\n<p><!-- \/wp:paragraph --><\/p>\n<\/div><\/div><\/details><\/div><\/div><\/div><div class=\"faq__box faq__item\"><div class=\"faq__container\"><div class=\"faq__block\" itemscope=\"\" itemprop=\"mainEntity\" itemtype=\"https:\/\/schema.org\/Question\"><details class=\"faq\"><summary class=\"faq-question\" itemprop=\"name\">Mit dem Auto<span class=\"faq-opener\"><\/span><\/summary><div class=\"content\" itemscope=\"\" itemprop=\"acceptedAnswer\" itemtype=\"https:\/\/schema.org\/Answer\"><div itemprop=\"text\"><p class=\"ls-paragraph\">Von Nantes aus nehmen Sie die A83 in Richtung La Roche-sur-Yon, dann die D747 bis La Tranche-sur-Mer.<\/p>\n<p><!-- \/wp:paragraph --> <!-- wp:paragraph --><\/p>\n<p class=\"ls-paragraph\">Von Bordeaux aus folgen Sie der A10, dann der A83 und schlie\u00dflich der D747.<\/p>\n<p><!-- \/wp:paragraph --><\/p>\n<\/div><\/div><\/details><\/div><\/div><\/div><div class=\"faq__box faq__item\"><div class=\"faq__container\"><div class=\"faq__block\" itemscope=\"\" itemprop=\"mainEntity\" itemtype=\"https:\/\/schema.org\/Question\"><details class=\"faq\"><summary class=\"faq-question\" itemprop=\"name\">Mit dem Bus<span class=\"faq-opener\"><\/span><\/summary><div class=\"content\" itemscope=\"\" itemprop=\"acceptedAnswer\" itemtype=\"https:\/\/schema.org\/Answer\"><div itemprop=\"text\"><p>Buslinien fahren von La Roche-sur-Yon und anderen St\u00e4dten in der Vend\u00e9e nach La Tranche-sur-Mer.<\/p>\n<\/div><\/div><\/details><\/div><\/div><\/div><div class=\"faq__box faq__item\"><div class=\"faq__container\"><div class=\"faq__block\" itemscope=\"\" itemprop=\"mainEntity\" itemtype=\"https:\/\/schema.org\/Question\"><details class=\"faq\"><summary class=\"faq-question\" itemprop=\"name\">Mit dem Flugzeug<span class=\"faq-opener\"><\/span><\/summary><div class=\"content\" itemscope=\"\" itemprop=\"acceptedAnswer\" itemtype=\"https:\/\/schema.org\/Answer\"><div itemprop=\"text\"><p><!-- wp:list --><\/p>\n<ul class=\"ls-list ls-list-undefined wp-block-list\">\n<li style=\"list-style-type: none\">\n<ul class=\"ls-list ls-list-undefined wp-block-list\"><!-- wp:list-item --><\/p>\n<li><strong>N\u00e4chstgelegener<\/strong> Flughafen: <strong>Nantes Atlantique<\/strong> (ca. 110 km entfernt).<\/li>\n<\/ul>\n<\/li>\n<\/ul>\n<p><!-- \/wp:list-item --> <!-- wp:list-item --><\/p>\n<ul class=\"ls-list ls-list-undefined wp-block-list\">\n<li style=\"list-style-type: none\">\n<ul class=\"ls-list ls-list-undefined wp-block-list\">\n<li>Autovermietung oder Shuttle vom Flughafen.<\/li>\n<\/ul>\n<\/li>\n<\/ul>\n<p><!-- \/wp:list-item --><\/p>\n<p><!-- \/wp:list --> <!-- wp:paragraph --><\/p>\n<p class=\"ls-paragraph\">Wenn Sie Fragen haben, <strong>wenden Sie sich<\/strong> bitte direkt <strong>an uns<\/strong>, um weitere Informationen zu erhalten!<\/p>\n<\/div><\/div><\/details><\/div><\/div><\/div><\/div><\/div><\/div>\n<\/div>\n\n\r\n    <\/div>\r\n<\/section><section id=\"ls-section-block_d758292d2631be2322118bf5c3e36e67\" class=\"ls-section  page-one has-background has-color-4-background-color has-m-t m-t-0 has-m-b m-b-0 has-p-t p-t-14\" >\r\n        <div class=\"container container--wide\">\r\n        \n\n<div class=\"wp-block-columns is-layout-flex wp-container-core-columns-is-layout-3 wp-block-columns-is-layout-flex\">\n<div class=\"wp-block-column first  animated fadeInLeft slow is-layout-flow wp-block-column-is-layout-flow\" style=\"flex-basis:45%\">\n<figure class=\"wp-block-image size-full\"><a href=\"http:\/\/www.lescale-du-perthuis.com\/wp-content\/uploads\/sites\/25\/2025\/01\/camping-espace-aquatique-1.webp\"><img loading=\"lazy\" decoding=\"async\" width=\"1333\" height=\"750\" src=\"http:\/\/www.lescale-du-perthuis.com\/wp-content\/uploads\/sites\/25\/2025\/01\/camping-espace-aquatique-1.webp\" alt=\"Campingplatz mit Wasserpark\" class=\"wp-image-1277\" srcset=\"https:\/\/www.lescale-du-perthuis.com\/wp-content\/uploads\/sites\/25\/2025\/01\/camping-espace-aquatique-1.webp 1333w, https:\/\/www.lescale-du-perthuis.com\/wp-content\/uploads\/sites\/25\/2025\/01\/camping-espace-aquatique-1-300x169.webp 300w, https:\/\/www.lescale-du-perthuis.com\/wp-content\/uploads\/sites\/25\/2025\/01\/camping-espace-aquatique-1-1024x576.webp 1024w, https:\/\/www.lescale-du-perthuis.com\/wp-content\/uploads\/sites\/25\/2025\/01\/camping-espace-aquatique-1-768x432.webp 768w\" sizes=\"auto, (max-width: 1333px) 100vw, 1333px\" \/><\/a><\/figure>\n<\/div>\n\n\n\n<div class=\"wp-block-column is-vertically-aligned-center second animated fadeInRight delay-100ms slow is-layout-flow wp-block-column-is-layout-flow\" style=\"flex-basis:55%\">\n<h2 class=\"ls__heading wp-block-heading\">Praktische Informationen<\/h2>\n\n\n\n<p class=\"ls-paragraph\">Der Campingplatz L&#8217;Escale du Perthuis empf\u00e4ngt Sie vom <strong><strong>1. April bis zum 30. September<\/strong> 2025<\/strong>.<\/p>\n\n\n\n<p class=\"ls-paragraph\">W\u00e4hrend dieser Zeit k\u00f6nnen Sie die Dienstleistungen vor Ort nutzen: Rezeption, Hallenbad, Sportpl\u00e4tze, Spielpl\u00e4tze, Fahrradverleih, Planchas, Bettw\u00e4sche und Handt\u00fccher. Das Hallenbad (ohne Rutschen) ist ab April ge\u00f6ffnet. Der <a href=\"https:\/\/www.lescale-du-perthuis.com\/de\/campingplatz-hallenbad-la-tranche-sur-mer\/\">beheizte Au\u00dfenpool<\/a> mit Wasserrutschen und das Restaurant werden ab Juli ge\u00f6ffnet sein.<\/p>\n\n\n\n<p class=\"ls-paragraph\">Die Rezeption ist ge\u00f6ffnet:<\/p>\n\n\n\n<ul class=\"ls-list ls-list-undefined wp-block-list\">\n<li>von <strong>9.00 bis 13.00 Uhr \/ <\/strong>von <strong>14.00 bis 19. <\/strong>00 <strong>Uhr <\/strong>im Sommer und nur f\u00fcr Sie am <strong>Samstag<\/strong> von <strong>9.00 bis 20.00 Uhr<\/strong>.<\/li>\n\n\n\n<li>von<strong> 9.00 bis 12.00 Uhr \/ <\/strong>von <strong>14.00 bis 18. <\/strong>00 <strong>Uhr <\/strong>in der Nebensaison.<\/li>\n<\/ul>\n\n\n\n<p class=\"ls-paragraph\">Im Falle einer sp\u00e4ten Ankunft werden wir Ihnen per E-Mail oder Telefon alle notwendigen Informationen zukommen lassen, um Ihre Ankunft zu erleichtern.<\/p>\n<\/div>\n<\/div>\n\n\r\n    <\/div>\r\n<\/section>","protected":false},"excerpt":{"rendered":"","protected":false},"author":1,"featured_media":926,"parent":0,"menu_order":0,"comment_status":"closed","ping_status":"closed","template":"","meta":{"_acf_changed":false,"footnotes":""},"sujet":[],"class_list":["post-1938","page","type-page","status-publish","has-post-thumbnail","hentry"],"acf":[],"yoast_head":"<!-- This site is optimized with the Yoast SEO plugin v23.9 - https:\/\/yoast.com\/wordpress\/plugins\/seo\/ -->\n<title>Kontaktieren Sie den Campingplatz L&#039;escale du Perthuis in La Tranche sur Mer<\/title>\n<meta name=\"description\" content=\"Ben\u00f6tigen Sie Informationen \u00fcber Ihren Aufenthalt auf dem Campingplatz? Sie k\u00f6nnen uns unter der Nummer 02 51 30 38 96 anrufen oder uns eine E-Mail schicken.\" \/>\n<meta name=\"robots\" content=\"index, follow, max-snippet:-1, max-image-preview:large, max-video-preview:-1\" \/>\n<link rel=\"canonical\" href=\"https:\/\/www.lescale-du-perthuis.com\/de\/kontakt-anfahrt\/\" \/>\n<meta property=\"og:locale\" content=\"de_DE\" \/>\n<meta property=\"og:type\" content=\"article\" \/>\n<meta property=\"og:title\" content=\"Kontaktieren Sie den Campingplatz L&#039;escale du Perthuis in La Tranche sur Mer\" \/>\n<meta property=\"og:description\" content=\"Ben\u00f6tigen Sie Informationen \u00fcber Ihren Aufenthalt auf dem Campingplatz? Sie k\u00f6nnen uns unter der Nummer 02 51 30 38 96 anrufen oder uns eine E-Mail schicken.\" \/>\n<meta property=\"og:url\" content=\"https:\/\/www.lescale-du-perthuis.com\/de\/kontakt-anfahrt\/\" \/>\n<meta property=\"og:site_name\" content=\"Camping L&#039;Escale de Perthuis\" \/>\n<meta property=\"article:modified_time\" content=\"2026-03-25T10:49:27+00:00\" \/>\n<meta property=\"og:image\" content=\"https:\/\/www.lescale-du-perthuis.com\/wp-content\/uploads\/sites\/25\/2025\/01\/camping-lescale-du-perthuis.webp\" \/>\n\t<meta property=\"og:image:width\" content=\"2500\" \/>\n\t<meta property=\"og:image:height\" content=\"750\" \/>\n\t<meta property=\"og:image:type\" content=\"image\/webp\" \/>\n<meta name=\"twitter:card\" content=\"summary_large_image\" \/>\n<meta name=\"twitter:label1\" content=\"Gesch\u00e4tzte Lesezeit\" \/>\n\t<meta name=\"twitter:data1\" content=\"2\u00a0Minuten\" \/>\n<script type=\"application\/ld+json\" class=\"yoast-schema-graph\">{\"@context\":\"https:\/\/schema.org\",\"@graph\":[{\"@type\":\"WebPage\",\"@id\":\"https:\/\/www.lescale-du-perthuis.com\/de\/kontakt-anfahrt\/\",\"url\":\"https:\/\/www.lescale-du-perthuis.com\/de\/kontakt-anfahrt\/\",\"name\":\"Kontaktieren Sie den Campingplatz L'escale du Perthuis in La Tranche sur Mer\",\"isPartOf\":{\"@id\":\"https:\/\/www.lescale-du-perthuis.com\/de\/#website\"},\"primaryImageOfPage\":{\"@id\":\"https:\/\/www.lescale-du-perthuis.com\/de\/kontakt-anfahrt\/#primaryimage\"},\"image\":{\"@id\":\"https:\/\/www.lescale-du-perthuis.com\/de\/kontakt-anfahrt\/#primaryimage\"},\"thumbnailUrl\":\"https:\/\/www.lescale-du-perthuis.com\/wp-content\/uploads\/sites\/25\/2025\/01\/camping-lescale-du-perthuis.webp\",\"datePublished\":\"2024-07-30T07:43:44+00:00\",\"dateModified\":\"2026-03-25T10:49:27+00:00\",\"description\":\"Ben\u00f6tigen Sie Informationen \u00fcber Ihren Aufenthalt auf dem Campingplatz? Sie k\u00f6nnen uns unter der Nummer 02 51 30 38 96 anrufen oder uns eine E-Mail schicken.\",\"breadcrumb\":{\"@id\":\"https:\/\/www.lescale-du-perthuis.com\/de\/kontakt-anfahrt\/#breadcrumb\"},\"inLanguage\":\"de\",\"potentialAction\":[{\"@type\":\"ReadAction\",\"target\":[\"https:\/\/www.lescale-du-perthuis.com\/de\/kontakt-anfahrt\/\"]}]},{\"@type\":\"ImageObject\",\"inLanguage\":\"de\",\"@id\":\"https:\/\/www.lescale-du-perthuis.com\/de\/kontakt-anfahrt\/#primaryimage\",\"url\":\"https:\/\/www.lescale-du-perthuis.com\/wp-content\/uploads\/sites\/25\/2025\/01\/camping-lescale-du-perthuis.webp\",\"contentUrl\":\"https:\/\/www.lescale-du-perthuis.com\/wp-content\/uploads\/sites\/25\/2025\/01\/camping-lescale-du-perthuis.webp\",\"width\":2500,\"height\":750,\"caption\":\"camping lescale du perthuis\"},{\"@type\":\"BreadcrumbList\",\"@id\":\"https:\/\/www.lescale-du-perthuis.com\/de\/kontakt-anfahrt\/#breadcrumb\",\"itemListElement\":[{\"@type\":\"ListItem\",\"position\":1,\"name\":\"Camping in der Vend\u00e9e\",\"item\":\"https:\/\/www.lescale-du-perthuis.com\/de\/\"},{\"@type\":\"ListItem\",\"position\":2,\"name\":\"Kontakt, Anreise nach La Tranche-sur-Mer\"}]},{\"@type\":\"WebSite\",\"@id\":\"https:\/\/www.lescale-du-perthuis.com\/de\/#website\",\"url\":\"https:\/\/www.lescale-du-perthuis.com\/de\/\",\"name\":\"Camping L&#039;Escale de Perthuis\",\"description\":\"\",\"publisher\":{\"@id\":\"https:\/\/www.lescale-du-perthuis.com\/de\/#organization\"},\"potentialAction\":[{\"@type\":\"SearchAction\",\"target\":{\"@type\":\"EntryPoint\",\"urlTemplate\":\"https:\/\/www.lescale-du-perthuis.com\/de\/?s={search_term_string}\"},\"query-input\":{\"@type\":\"PropertyValueSpecification\",\"valueRequired\":true,\"valueName\":\"search_term_string\"}}],\"inLanguage\":\"de\"},{\"@type\":\"Organization\",\"@id\":\"https:\/\/www.lescale-du-perthuis.com\/de\/#organization\",\"name\":\"Camping L&#039;Escale de Perthuis\",\"url\":\"https:\/\/www.lescale-du-perthuis.com\/de\/\",\"logo\":{\"@type\":\"ImageObject\",\"inLanguage\":\"de\",\"@id\":\"https:\/\/www.lescale-du-perthuis.com\/de\/#\/schema\/logo\/image\/\",\"url\":\"https:\/\/www.lescale-du-perthuis.com\/wp-content\/uploads\/sites\/25\/2024\/07\/cropped-logo_camping_l_escale_du_perthuis.png\",\"contentUrl\":\"https:\/\/www.lescale-du-perthuis.com\/wp-content\/uploads\/sites\/25\/2024\/07\/cropped-logo_camping_l_escale_du_perthuis.png\",\"width\":200,\"height\":321,\"caption\":\"Camping L&#039;Escale de Perthuis\"},\"image\":{\"@id\":\"https:\/\/www.lescale-du-perthuis.com\/de\/#\/schema\/logo\/image\/\"}}]}<\/script>\n<!-- \/ Yoast SEO plugin. -->","yoast_head_json":{"title":"Kontaktieren Sie den Campingplatz L'escale du Perthuis in La Tranche sur Mer","description":"Ben\u00f6tigen Sie Informationen \u00fcber Ihren Aufenthalt auf dem Campingplatz? Sie k\u00f6nnen uns unter der Nummer 02 51 30 38 96 anrufen oder uns eine E-Mail schicken.","robots":{"index":"index","follow":"follow","max-snippet":"max-snippet:-1","max-image-preview":"max-image-preview:large","max-video-preview":"max-video-preview:-1"},"canonical":"https:\/\/www.lescale-du-perthuis.com\/de\/kontakt-anfahrt\/","og_locale":"de_DE","og_type":"article","og_title":"Kontaktieren Sie den Campingplatz L'escale du Perthuis in La Tranche sur Mer","og_description":"Ben\u00f6tigen Sie Informationen \u00fcber Ihren Aufenthalt auf dem Campingplatz? Sie k\u00f6nnen uns unter der Nummer 02 51 30 38 96 anrufen oder uns eine E-Mail schicken.","og_url":"https:\/\/www.lescale-du-perthuis.com\/de\/kontakt-anfahrt\/","og_site_name":"Camping L&#039;Escale de Perthuis","article_modified_time":"2026-03-25T10:49:27+00:00","og_image":[{"width":2500,"height":750,"url":"https:\/\/www.lescale-du-perthuis.com\/wp-content\/uploads\/sites\/25\/2025\/01\/camping-lescale-du-perthuis.webp","type":"image\/webp"}],"twitter_card":"summary_large_image","twitter_misc":{"Gesch\u00e4tzte Lesezeit":"2\u00a0Minuten"},"schema":{"@context":"https:\/\/schema.org","@graph":[{"@type":"WebPage","@id":"https:\/\/www.lescale-du-perthuis.com\/de\/kontakt-anfahrt\/","url":"https:\/\/www.lescale-du-perthuis.com\/de\/kontakt-anfahrt\/","name":"Kontaktieren Sie den Campingplatz L'escale du Perthuis in La Tranche sur Mer","isPartOf":{"@id":"https:\/\/www.lescale-du-perthuis.com\/de\/#website"},"primaryImageOfPage":{"@id":"https:\/\/www.lescale-du-perthuis.com\/de\/kontakt-anfahrt\/#primaryimage"},"image":{"@id":"https:\/\/www.lescale-du-perthuis.com\/de\/kontakt-anfahrt\/#primaryimage"},"thumbnailUrl":"https:\/\/www.lescale-du-perthuis.com\/wp-content\/uploads\/sites\/25\/2025\/01\/camping-lescale-du-perthuis.webp","datePublished":"2024-07-30T07:43:44+00:00","dateModified":"2026-03-25T10:49:27+00:00","description":"Ben\u00f6tigen Sie Informationen \u00fcber Ihren Aufenthalt auf dem Campingplatz? Sie k\u00f6nnen uns unter der Nummer 02 51 30 38 96 anrufen oder uns eine E-Mail schicken.","breadcrumb":{"@id":"https:\/\/www.lescale-du-perthuis.com\/de\/kontakt-anfahrt\/#breadcrumb"},"inLanguage":"de","potentialAction":[{"@type":"ReadAction","target":["https:\/\/www.lescale-du-perthuis.com\/de\/kontakt-anfahrt\/"]}]},{"@type":"ImageObject","inLanguage":"de","@id":"https:\/\/www.lescale-du-perthuis.com\/de\/kontakt-anfahrt\/#primaryimage","url":"https:\/\/www.lescale-du-perthuis.com\/wp-content\/uploads\/sites\/25\/2025\/01\/camping-lescale-du-perthuis.webp","contentUrl":"https:\/\/www.lescale-du-perthuis.com\/wp-content\/uploads\/sites\/25\/2025\/01\/camping-lescale-du-perthuis.webp","width":2500,"height":750,"caption":"camping lescale du perthuis"},{"@type":"BreadcrumbList","@id":"https:\/\/www.lescale-du-perthuis.com\/de\/kontakt-anfahrt\/#breadcrumb","itemListElement":[{"@type":"ListItem","position":1,"name":"Camping in der Vend\u00e9e","item":"https:\/\/www.lescale-du-perthuis.com\/de\/"},{"@type":"ListItem","position":2,"name":"Kontakt, Anreise nach La Tranche-sur-Mer"}]},{"@type":"WebSite","@id":"https:\/\/www.lescale-du-perthuis.com\/de\/#website","url":"https:\/\/www.lescale-du-perthuis.com\/de\/","name":"Camping L&#039;Escale de Perthuis","description":"","publisher":{"@id":"https:\/\/www.lescale-du-perthuis.com\/de\/#organization"},"potentialAction":[{"@type":"SearchAction","target":{"@type":"EntryPoint","urlTemplate":"https:\/\/www.lescale-du-perthuis.com\/de\/?s={search_term_string}"},"query-input":{"@type":"PropertyValueSpecification","valueRequired":true,"valueName":"search_term_string"}}],"inLanguage":"de"},{"@type":"Organization","@id":"https:\/\/www.lescale-du-perthuis.com\/de\/#organization","name":"Camping L&#039;Escale de Perthuis","url":"https:\/\/www.lescale-du-perthuis.com\/de\/","logo":{"@type":"ImageObject","inLanguage":"de","@id":"https:\/\/www.lescale-du-perthuis.com\/de\/#\/schema\/logo\/image\/","url":"https:\/\/www.lescale-du-perthuis.com\/wp-content\/uploads\/sites\/25\/2024\/07\/cropped-logo_camping_l_escale_du_perthuis.png","contentUrl":"https:\/\/www.lescale-du-perthuis.com\/wp-content\/uploads\/sites\/25\/2024\/07\/cropped-logo_camping_l_escale_du_perthuis.png","width":200,"height":321,"caption":"Camping L&#039;Escale de Perthuis"},"image":{"@id":"https:\/\/www.lescale-du-perthuis.com\/de\/#\/schema\/logo\/image\/"}}]}},"_links":{"self":[{"href":"https:\/\/www.lescale-du-perthuis.com\/de\/wp-json\/wp\/v2\/pages\/1938","targetHints":{"allow":["GET"]}}],"collection":[{"href":"https:\/\/www.lescale-du-perthuis.com\/de\/wp-json\/wp\/v2\/pages"}],"about":[{"href":"https:\/\/www.lescale-du-perthuis.com\/de\/wp-json\/wp\/v2\/types\/page"}],"author":[{"embeddable":true,"href":"https:\/\/www.lescale-du-perthuis.com\/de\/wp-json\/wp\/v2\/users\/1"}],"replies":[{"embeddable":true,"href":"https:\/\/www.lescale-du-perthuis.com\/de\/wp-json\/wp\/v2\/comments?post=1938"}],"version-history":[{"count":5,"href":"https:\/\/www.lescale-du-perthuis.com\/de\/wp-json\/wp\/v2\/pages\/1938\/revisions"}],"predecessor-version":[{"id":9256,"href":"https:\/\/www.lescale-du-perthuis.com\/de\/wp-json\/wp\/v2\/pages\/1938\/revisions\/9256"}],"wp:featuredmedia":[{"embeddable":true,"href":"https:\/\/www.lescale-du-perthuis.com\/de\/wp-json\/wp\/v2\/media\/926"}],"wp:attachment":[{"href":"https:\/\/www.lescale-du-perthuis.com\/de\/wp-json\/wp\/v2\/media?parent=1938"}],"wp:term":[{"taxonomy":"sujet","embeddable":true,"href":"https:\/\/www.lescale-du-perthuis.com\/de\/wp-json\/wp\/v2\/sujet?post=1938"}],"curies":[{"name":"wp","href":"https:\/\/api.w.org\/{rel}","templated":true}]}}