{"id":1944,"date":"2024-07-30T07:43:38","date_gmt":"2024-07-30T07:43:38","guid":{"rendered":"https:\/\/www.lescale-du-perthuis.com\/campingplatz-gruppen-vendee\/"},"modified":"2025-03-12T11:07:36","modified_gmt":"2025-03-12T11:07:36","slug":"campingplatz-gruppen-vendee","status":"publish","type":"page","link":"https:\/\/www.lescale-du-perthuis.com\/de\/campingplatz-gruppen-vendee\/","title":{"rendered":"Gruppen und Betriebsr\u00e4te"},"content":{"rendered":"<section id=\"ls-section-block_aa4fad6f492d491ae5132c000bce6d2f\" class=\"ls-section  page-one has-background has-color-4-background-color has-m-t m-t-0 has-m-b m-b-0 has-p-t p-t-14 has-p-b p-b-14\" >\r\n        <div class=\"container container--wide\">\r\n        \n\n<div class=\"wp-block-columns is-layout-flex wp-container-core-columns-is-layout-1 wp-block-columns-is-layout-flex\">\n<div class=\"wp-block-column animated fadeInLeft delay-100ms slow is-layout-flow wp-block-column-is-layout-flow\" style=\"flex-basis:45%\">\n<figure class=\"wp-block-image size-full\"><a href=\"https:\/\/www.lescale-du-perthuis.com\/wp-content\/uploads\/sites\/25\/2025\/03\/caeca187-e274-4ac7-a06b-69a5205853ce.jpg\"><img loading=\"lazy\" decoding=\"async\" width=\"2560\" height=\"1707\" src=\"https:\/\/www.lescale-du-perthuis.com\/wp-content\/uploads\/sites\/25\/2025\/03\/caeca187-e274-4ac7-a06b-69a5205853ce.jpg\" alt=\"\" class=\"wp-image-2381\" srcset=\"https:\/\/www.lescale-du-perthuis.com\/wp-content\/uploads\/sites\/25\/2025\/03\/caeca187-e274-4ac7-a06b-69a5205853ce.jpg 2560w, https:\/\/www.lescale-du-perthuis.com\/wp-content\/uploads\/sites\/25\/2025\/03\/caeca187-e274-4ac7-a06b-69a5205853ce-300x200.jpg 300w, https:\/\/www.lescale-du-perthuis.com\/wp-content\/uploads\/sites\/25\/2025\/03\/caeca187-e274-4ac7-a06b-69a5205853ce-1024x683.jpg 1024w, https:\/\/www.lescale-du-perthuis.com\/wp-content\/uploads\/sites\/25\/2025\/03\/caeca187-e274-4ac7-a06b-69a5205853ce-768x512.jpg 768w, https:\/\/www.lescale-du-perthuis.com\/wp-content\/uploads\/sites\/25\/2025\/03\/caeca187-e274-4ac7-a06b-69a5205853ce-1536x1024.jpg 1536w, https:\/\/www.lescale-du-perthuis.com\/wp-content\/uploads\/sites\/25\/2025\/03\/caeca187-e274-4ac7-a06b-69a5205853ce-2048x1366.jpg 2048w\" sizes=\"auto, (max-width: 2560px) 100vw, 2560px\" \/><\/a><\/figure>\n<\/div>\n\n\n\n<div class=\"wp-block-column is-vertically-aligned-center animated fadeInRight slow is-layout-flow wp-block-column-is-layout-flow\" style=\"flex-basis:55%\">\n<h1 class=\"ls__heading wp-block-heading\">Idealer Campingplatz f\u00fcr Gruppen in der Vend\u00e9e<\/h1>\n\n\n\n<p class=\"ls-paragraph\">Geselligkeit und Komfort: der ideale Campingplatz f\u00fcr Ihre <strong>Gruppen in der Vend\u00e9e<\/strong>!<\/p>\n\n\n\n<h2 class=\"ls__heading wp-block-heading\">Unsere Gruppenangebote in La Tranche-sur-Mer  <\/h2>\n\n\n\n<p class=\"ls-paragraph\">Entdecken Sie unseren <a href=\"https:\/\/www.lescale-du-perthuis.com\/de\/\">Campingplatz L&#8217;Escale du Perthuis<\/a>, ideal f\u00fcr Gruppen in der Vend\u00e9e, in La Tranche-sur-Mer. Unser Campingplatz ist ideal f\u00fcr gro\u00dfe Familien, Freunde, Vereine oder Veranstaltungen. Er bietet mehr als 200 komfortable <a href=\"https:\/\/www.lescale-du-perthuis.com\/de\/vermietung-mobilheim-vendee\/\">Unterk\u00fcnfte<\/a>, einen gro\u00dfen Restaurantbereich und angepasste Dienstleistungen. <\/p>\n\n\n\n<p class=\"ls-paragraph\">Profitieren Sie von unseren <strong>Restaurant- und Unterkunftsangeboten<\/strong> in einer au\u00dfergew\u00f6hnlichen nat\u00fcrlichen Umgebung, nur <strong>wenige Schritte vom Strand entfernt<\/strong>, mit moderner Infrastruktur und <a href=\"https:\/\/www.lescale-du-perthuis.com\/de\/campingplatz-animationen-la-tranche-sur-mer\/\">sommerlichen Animationen<\/a> f\u00fcr alle. <\/p>\n\n\n\n<p class=\"ls-paragraph\">Erleben Sie gemeinsam unvergessliche Momente auf unserem <strong>4-Sterne-Campingplatz in der Vend\u00e9e<\/strong>, in einer freundlichen und einladenden Umgebung.<\/p>\n<\/div>\n<\/div>\n\n\r\n    <\/div>\r\n<\/section>\n\n<section id=\"ls-section-block_4b999d312b0e71f880b2a4325218c8fe\" class=\"ls-section  page-one has-background has-color-white-background-color has-m-b m-b-0 has-p-t p-t-14\" >\r\n        <div class=\"container container--wide\">\r\n        \n\n<div class=\"wp-block-columns is-layout-flex wp-container-core-columns-is-layout-2 wp-block-columns-is-layout-flex\">\n<div class=\"wp-block-column is-vertically-aligned-center first  animated fadeInLeft slow is-layout-flow wp-block-column-is-layout-flow\" style=\"flex-basis:55%\">\n<div id=\"ls-heading ls-titre-div-block_7bbed3fdf839be3d4418b30f3ba38afd\" class=\"ls-titre-div border h1-like\" >\n    Ihre Verbindungen st\u00e4rken<\/div>\n\n\n\n<h2 class=\"ls__heading wp-block-heading\">Unsere CSR-Pakete<\/h2>\n\n\n\n<p class=\"ls-paragraph\">Entdecken Sie unsere Angebote f\u00fcr <strong>Betriebsr\u00e4te<\/strong>, die auf Ihre Bed\u00fcrfnisse zugeschnitten sind: linear, in St\u00fccken oder einzeln.<\/p>\n\n\n\n<p class=\"ls-paragraph\">Ob f\u00fcr geplante Aufenthalte oder einmalige Anfragen, unser <strong>4-Sterne-Campingplatz in La Tranche-sur-Mer<\/strong> bietet <strong>flexible L\u00f6sungen<\/strong>, um Ihre Mitarbeiter und deren Familien unterzubringen.  <\/p>\n\n\n\n<p class=\"ls-paragraph\">Bieten Sie ihnen eine <strong>au\u00dfergew\u00f6hnliche Umgebung in der Vend\u00e9e<\/strong>, in Strandn\u00e4he, mit komfortablen Unterk\u00fcnften mit 2 oder 3 Schlafzimmern, hochwertigen <a href=\"https:\/\/www.lescale-du-perthuis.com\/de\/familien-campingplatz-vendee\/\">Dienstleistungen<\/a> und unvergesslichen Entspannungsmomenten.<\/p>\n<\/div>\n\n\n\n<div class=\"wp-block-column second animated fadeInRight delay-100ms slow is-layout-flow wp-block-column-is-layout-flow\" style=\"flex-basis:45%\">\n<figure class=\"wp-block-image size-full\"><a href=\"https:\/\/www.lescale-du-perthuis.com\/wp-content\/uploads\/sites\/25\/2025\/03\/shutterstock_405066019-scaled.jpg\"><img loading=\"lazy\" decoding=\"async\" width=\"2560\" height=\"1784\" src=\"https:\/\/www.lescale-du-perthuis.com\/wp-content\/uploads\/sites\/25\/2025\/03\/shutterstock_405066019-scaled.jpg\" alt=\"\" class=\"wp-image-2391\" srcset=\"https:\/\/www.lescale-du-perthuis.com\/wp-content\/uploads\/sites\/25\/2025\/03\/shutterstock_405066019-scaled.jpg 2560w, https:\/\/www.lescale-du-perthuis.com\/wp-content\/uploads\/sites\/25\/2025\/03\/shutterstock_405066019-300x209.jpg 300w, https:\/\/www.lescale-du-perthuis.com\/wp-content\/uploads\/sites\/25\/2025\/03\/shutterstock_405066019-1024x714.jpg 1024w, https:\/\/www.lescale-du-perthuis.com\/wp-content\/uploads\/sites\/25\/2025\/03\/shutterstock_405066019-768x535.jpg 768w, https:\/\/www.lescale-du-perthuis.com\/wp-content\/uploads\/sites\/25\/2025\/03\/shutterstock_405066019-1536x1071.jpg 1536w, https:\/\/www.lescale-du-perthuis.com\/wp-content\/uploads\/sites\/25\/2025\/03\/shutterstock_405066019-2048x1428.jpg 2048w\" sizes=\"auto, (max-width: 2560px) 100vw, 2560px\" \/><\/a><\/figure>\n<\/div>\n<\/div>\n\n\r\n    <\/div>\r\n<\/section>\n\n<section id=\"ls-section-block_a651c1c9bd6e9968c824773e4578a01c\" class=\"ls-section  page-maillage experience has-m-t m-t-0 has-p-t p-t-10\" >\r\n        <div class=\"container container--wide\">\r\n        \n\n<div id=\"ls-heading ls-titre-div-block_f6c578139acc6bc2bd02bc9219c7fdbf\" class=\"ls-titre-div aligncenter h2-like\" >\n    <strong>Ein Aufenthalt<\/strong>, der auf Ihre Bed\u00fcrfnisse zugeschnitten ist!<\/div>\n\n\n<div id=\"ls-maillage-block_cf307a9a641e597dd669fae2a486f670\" class=\"ls-maillage cta-style-normal\" data-rows=\"3\">\n    <div class=\"wp-block-columns\"><div class=\"wp-block-column\"><div id=\"destinations\" class=\"ls-cta\">\n\n<a href=\"https:\/\/www.lescale-du-perthuis.com\/de\/gunstiger-campingplatz-la-tranche-sur-mer\/\" target=\"\" rel=\"noopener\" class=\"ls-cta__link\">\n\n\t<div class=\"ls-cta__image\"><img decoding=\"async\" src=\"https:\/\/www.lescale-du-perthuis.com\/wp-content\/uploads\/sites\/25\/2025\/01\/camping-lescale-du-perthuis-en-vendee-promotions.webp\" alt=\"Campingplatz Lescale du Perthuis in der Vendee Sonderangebote\"><\/div>\n\t<div class=\"ls-cta__title\">\n\t\tSonderangebote\t<\/div>\n\n\t\t\n<\/a><\/div><\/div><div class=\"wp-block-column\"><div id=\"destinations\" class=\"ls-cta\">\n\n<a href=\"https:\/\/www.lescale-du-perthuis.com\/de\/vermietung-mobilheim-vendee\/\" target=\"\" rel=\"noopener\" class=\"ls-cta__link\">\n\n\t<div class=\"ls-cta__image\"><img decoding=\"async\" src=\"https:\/\/www.lescale-du-perthuis.com\/wp-content\/uploads\/sites\/25\/2025\/01\/camping-lescale-du-perthuis-en-vendee-mobilhome.webp\" alt=\"campingplatz lescale du perthuis in der vendee mobilhome\"><\/div>\n\t<div class=\"ls-cta__title\">\n\t\tUnsere Unterk\u00fcnfte\t<\/div>\n\n\t\t\n<\/a><\/div><\/div><div class=\"wp-block-column\"><div id=\"destinations\" class=\"ls-cta\">\n\n<a href=\"https:\/\/www.lescale-du-perthuis.com\/de\/campingplatz-hallenbad-la-tranche-sur-mer\/\" target=\"\" rel=\"noopener\" class=\"ls-cta__link\">\n\n\t<div class=\"ls-cta__image\"><img decoding=\"async\" src=\"https:\/\/www.lescale-du-perthuis.com\/wp-content\/uploads\/sites\/25\/2025\/01\/camping-espace-aquatique-1.webp\" alt=\"Campingplatz mit Wasserpark\"><\/div>\n\t<div class=\"ls-cta__title\">\n\t\tUnsere Swimmingpools\t<\/div>\n\n\t\t\n<\/a><\/div><\/div><\/div><\/div>\n\r\n    <\/div>\r\n<\/section>","protected":false},"excerpt":{"rendered":"","protected":false},"author":1,"featured_media":886,"parent":0,"menu_order":0,"comment_status":"closed","ping_status":"closed","template":"","meta":{"_acf_changed":false,"footnotes":""},"sujet":[],"class_list":["post-1944","page","type-page","status-publish","has-post-thumbnail","hentry"],"acf":[],"yoast_head":"<!-- This site is optimized with the Yoast SEO plugin v23.9 - https:\/\/yoast.com\/wordpress\/plugins\/seo\/ -->\n<title>Gruppen-Campingplatz Vend\u00e9e | Veranstaltung, Seminar in der Vend\u00e9e<\/title>\n<meta name=\"description\" content=\"Empfangen Sie Ihre Gruppen in der Vend\u00e9e auf dem Campingplatz L&#039;Escale du Perthuis: komfortable Unterk\u00fcnfte, angepasste Dienstleistungen und Geselligkeit in der N\u00e4he des Strandes.\" \/>\n<meta name=\"robots\" content=\"index, follow, max-snippet:-1, max-image-preview:large, max-video-preview:-1\" \/>\n<link rel=\"canonical\" href=\"https:\/\/www.lescale-du-perthuis.com\/de\/campingplatz-gruppen-vendee\/\" \/>\n<meta property=\"og:locale\" content=\"de_DE\" \/>\n<meta property=\"og:type\" content=\"article\" \/>\n<meta property=\"og:title\" content=\"Gruppen-Campingplatz Vend\u00e9e | Veranstaltung, Seminar in der Vend\u00e9e\" \/>\n<meta property=\"og:description\" content=\"Empfangen Sie Ihre Gruppen in der Vend\u00e9e auf dem Campingplatz L&#039;Escale du Perthuis: komfortable Unterk\u00fcnfte, angepasste Dienstleistungen und Geselligkeit in der N\u00e4he des Strandes.\" \/>\n<meta property=\"og:url\" content=\"https:\/\/www.lescale-du-perthuis.com\/de\/campingplatz-gruppen-vendee\/\" \/>\n<meta property=\"og:site_name\" content=\"Camping L&#039;Escale de Perthuis\" \/>\n<meta property=\"article:modified_time\" content=\"2025-03-12T11:07:36+00:00\" \/>\n<meta property=\"og:image\" content=\"https:\/\/www.lescale-du-perthuis.com\/wp-content\/uploads\/sites\/25\/2025\/01\/camping-lescale-du-perthuis-groupe.webp\" \/>\n\t<meta property=\"og:image:width\" content=\"2500\" \/>\n\t<meta property=\"og:image:height\" content=\"750\" \/>\n\t<meta property=\"og:image:type\" content=\"image\/webp\" \/>\n<meta name=\"twitter:card\" content=\"summary_large_image\" \/>\n<meta name=\"twitter:label1\" content=\"Gesch\u00e4tzte Lesezeit\" \/>\n\t<meta name=\"twitter:data1\" content=\"2\u00a0Minuten\" \/>\n<script type=\"application\/ld+json\" class=\"yoast-schema-graph\">{\"@context\":\"https:\/\/schema.org\",\"@graph\":[{\"@type\":\"WebPage\",\"@id\":\"https:\/\/www.lescale-du-perthuis.com\/de\/campingplatz-gruppen-vendee\/\",\"url\":\"https:\/\/www.lescale-du-perthuis.com\/de\/campingplatz-gruppen-vendee\/\",\"name\":\"Gruppen-Campingplatz Vend\u00e9e | Veranstaltung, Seminar in der Vend\u00e9e\",\"isPartOf\":{\"@id\":\"https:\/\/www.lescale-du-perthuis.com\/de\/#website\"},\"primaryImageOfPage\":{\"@id\":\"https:\/\/www.lescale-du-perthuis.com\/de\/campingplatz-gruppen-vendee\/#primaryimage\"},\"image\":{\"@id\":\"https:\/\/www.lescale-du-perthuis.com\/de\/campingplatz-gruppen-vendee\/#primaryimage\"},\"thumbnailUrl\":\"https:\/\/www.lescale-du-perthuis.com\/wp-content\/uploads\/sites\/25\/2025\/01\/camping-lescale-du-perthuis-groupe.webp\",\"datePublished\":\"2024-07-30T07:43:38+00:00\",\"dateModified\":\"2025-03-12T11:07:36+00:00\",\"description\":\"Empfangen Sie Ihre Gruppen in der Vend\u00e9e auf dem Campingplatz L'Escale du Perthuis: komfortable Unterk\u00fcnfte, angepasste Dienstleistungen und Geselligkeit in der N\u00e4he des Strandes.\",\"breadcrumb\":{\"@id\":\"https:\/\/www.lescale-du-perthuis.com\/de\/campingplatz-gruppen-vendee\/#breadcrumb\"},\"inLanguage\":\"de\",\"potentialAction\":[{\"@type\":\"ReadAction\",\"target\":[\"https:\/\/www.lescale-du-perthuis.com\/de\/campingplatz-gruppen-vendee\/\"]}]},{\"@type\":\"ImageObject\",\"inLanguage\":\"de\",\"@id\":\"https:\/\/www.lescale-du-perthuis.com\/de\/campingplatz-gruppen-vendee\/#primaryimage\",\"url\":\"https:\/\/www.lescale-du-perthuis.com\/wp-content\/uploads\/sites\/25\/2025\/01\/camping-lescale-du-perthuis-groupe.webp\",\"contentUrl\":\"https:\/\/www.lescale-du-perthuis.com\/wp-content\/uploads\/sites\/25\/2025\/01\/camping-lescale-du-perthuis-groupe.webp\",\"width\":2500,\"height\":750,\"caption\":\"camping lescale du perthuis gruppe\"},{\"@type\":\"BreadcrumbList\",\"@id\":\"https:\/\/www.lescale-du-perthuis.com\/de\/campingplatz-gruppen-vendee\/#breadcrumb\",\"itemListElement\":[{\"@type\":\"ListItem\",\"position\":1,\"name\":\"Camping in der Vend\u00e9e\",\"item\":\"https:\/\/www.lescale-du-perthuis.com\/de\/\"},{\"@type\":\"ListItem\",\"position\":2,\"name\":\"Veranstaltung, Seminar in der Vend\u00e9e\"}]},{\"@type\":\"WebSite\",\"@id\":\"https:\/\/www.lescale-du-perthuis.com\/de\/#website\",\"url\":\"https:\/\/www.lescale-du-perthuis.com\/de\/\",\"name\":\"Camping L&#039;Escale de Perthuis\",\"description\":\"\",\"publisher\":{\"@id\":\"https:\/\/www.lescale-du-perthuis.com\/de\/#organization\"},\"potentialAction\":[{\"@type\":\"SearchAction\",\"target\":{\"@type\":\"EntryPoint\",\"urlTemplate\":\"https:\/\/www.lescale-du-perthuis.com\/de\/?s={search_term_string}\"},\"query-input\":{\"@type\":\"PropertyValueSpecification\",\"valueRequired\":true,\"valueName\":\"search_term_string\"}}],\"inLanguage\":\"de\"},{\"@type\":\"Organization\",\"@id\":\"https:\/\/www.lescale-du-perthuis.com\/de\/#organization\",\"name\":\"Camping L&#039;Escale de Perthuis\",\"url\":\"https:\/\/www.lescale-du-perthuis.com\/de\/\",\"logo\":{\"@type\":\"ImageObject\",\"inLanguage\":\"de\",\"@id\":\"https:\/\/www.lescale-du-perthuis.com\/de\/#\/schema\/logo\/image\/\",\"url\":\"https:\/\/www.lescale-du-perthuis.com\/wp-content\/uploads\/sites\/25\/2024\/07\/cropped-logo_camping_l_escale_du_perthuis.png\",\"contentUrl\":\"https:\/\/www.lescale-du-perthuis.com\/wp-content\/uploads\/sites\/25\/2024\/07\/cropped-logo_camping_l_escale_du_perthuis.png\",\"width\":200,\"height\":321,\"caption\":\"Camping L&#039;Escale de Perthuis\"},\"image\":{\"@id\":\"https:\/\/www.lescale-du-perthuis.com\/de\/#\/schema\/logo\/image\/\"}}]}<\/script>\n<!-- \/ Yoast SEO plugin. -->","yoast_head_json":{"title":"Gruppen-Campingplatz Vend\u00e9e | Veranstaltung, Seminar in der Vend\u00e9e","description":"Empfangen Sie Ihre Gruppen in der Vend\u00e9e auf dem Campingplatz L'Escale du Perthuis: komfortable Unterk\u00fcnfte, angepasste Dienstleistungen und Geselligkeit in der N\u00e4he des Strandes.","robots":{"index":"index","follow":"follow","max-snippet":"max-snippet:-1","max-image-preview":"max-image-preview:large","max-video-preview":"max-video-preview:-1"},"canonical":"https:\/\/www.lescale-du-perthuis.com\/de\/campingplatz-gruppen-vendee\/","og_locale":"de_DE","og_type":"article","og_title":"Gruppen-Campingplatz Vend\u00e9e | Veranstaltung, Seminar in der Vend\u00e9e","og_description":"Empfangen Sie Ihre Gruppen in der Vend\u00e9e auf dem Campingplatz L'Escale du Perthuis: komfortable Unterk\u00fcnfte, angepasste Dienstleistungen und Geselligkeit in der N\u00e4he des Strandes.","og_url":"https:\/\/www.lescale-du-perthuis.com\/de\/campingplatz-gruppen-vendee\/","og_site_name":"Camping L&#039;Escale de Perthuis","article_modified_time":"2025-03-12T11:07:36+00:00","og_image":[{"width":2500,"height":750,"url":"https:\/\/www.lescale-du-perthuis.com\/wp-content\/uploads\/sites\/25\/2025\/01\/camping-lescale-du-perthuis-groupe.webp","type":"image\/webp"}],"twitter_card":"summary_large_image","twitter_misc":{"Gesch\u00e4tzte Lesezeit":"2\u00a0Minuten"},"schema":{"@context":"https:\/\/schema.org","@graph":[{"@type":"WebPage","@id":"https:\/\/www.lescale-du-perthuis.com\/de\/campingplatz-gruppen-vendee\/","url":"https:\/\/www.lescale-du-perthuis.com\/de\/campingplatz-gruppen-vendee\/","name":"Gruppen-Campingplatz Vend\u00e9e | Veranstaltung, Seminar in der Vend\u00e9e","isPartOf":{"@id":"https:\/\/www.lescale-du-perthuis.com\/de\/#website"},"primaryImageOfPage":{"@id":"https:\/\/www.lescale-du-perthuis.com\/de\/campingplatz-gruppen-vendee\/#primaryimage"},"image":{"@id":"https:\/\/www.lescale-du-perthuis.com\/de\/campingplatz-gruppen-vendee\/#primaryimage"},"thumbnailUrl":"https:\/\/www.lescale-du-perthuis.com\/wp-content\/uploads\/sites\/25\/2025\/01\/camping-lescale-du-perthuis-groupe.webp","datePublished":"2024-07-30T07:43:38+00:00","dateModified":"2025-03-12T11:07:36+00:00","description":"Empfangen Sie Ihre Gruppen in der Vend\u00e9e auf dem Campingplatz L'Escale du Perthuis: komfortable Unterk\u00fcnfte, angepasste Dienstleistungen und Geselligkeit in der N\u00e4he des Strandes.","breadcrumb":{"@id":"https:\/\/www.lescale-du-perthuis.com\/de\/campingplatz-gruppen-vendee\/#breadcrumb"},"inLanguage":"de","potentialAction":[{"@type":"ReadAction","target":["https:\/\/www.lescale-du-perthuis.com\/de\/campingplatz-gruppen-vendee\/"]}]},{"@type":"ImageObject","inLanguage":"de","@id":"https:\/\/www.lescale-du-perthuis.com\/de\/campingplatz-gruppen-vendee\/#primaryimage","url":"https:\/\/www.lescale-du-perthuis.com\/wp-content\/uploads\/sites\/25\/2025\/01\/camping-lescale-du-perthuis-groupe.webp","contentUrl":"https:\/\/www.lescale-du-perthuis.com\/wp-content\/uploads\/sites\/25\/2025\/01\/camping-lescale-du-perthuis-groupe.webp","width":2500,"height":750,"caption":"camping lescale du perthuis gruppe"},{"@type":"BreadcrumbList","@id":"https:\/\/www.lescale-du-perthuis.com\/de\/campingplatz-gruppen-vendee\/#breadcrumb","itemListElement":[{"@type":"ListItem","position":1,"name":"Camping in der Vend\u00e9e","item":"https:\/\/www.lescale-du-perthuis.com\/de\/"},{"@type":"ListItem","position":2,"name":"Veranstaltung, Seminar in der Vend\u00e9e"}]},{"@type":"WebSite","@id":"https:\/\/www.lescale-du-perthuis.com\/de\/#website","url":"https:\/\/www.lescale-du-perthuis.com\/de\/","name":"Camping L&#039;Escale de Perthuis","description":"","publisher":{"@id":"https:\/\/www.lescale-du-perthuis.com\/de\/#organization"},"potentialAction":[{"@type":"SearchAction","target":{"@type":"EntryPoint","urlTemplate":"https:\/\/www.lescale-du-perthuis.com\/de\/?s={search_term_string}"},"query-input":{"@type":"PropertyValueSpecification","valueRequired":true,"valueName":"search_term_string"}}],"inLanguage":"de"},{"@type":"Organization","@id":"https:\/\/www.lescale-du-perthuis.com\/de\/#organization","name":"Camping L&#039;Escale de Perthuis","url":"https:\/\/www.lescale-du-perthuis.com\/de\/","logo":{"@type":"ImageObject","inLanguage":"de","@id":"https:\/\/www.lescale-du-perthuis.com\/de\/#\/schema\/logo\/image\/","url":"https:\/\/www.lescale-du-perthuis.com\/wp-content\/uploads\/sites\/25\/2024\/07\/cropped-logo_camping_l_escale_du_perthuis.png","contentUrl":"https:\/\/www.lescale-du-perthuis.com\/wp-content\/uploads\/sites\/25\/2024\/07\/cropped-logo_camping_l_escale_du_perthuis.png","width":200,"height":321,"caption":"Camping L&#039;Escale de Perthuis"},"image":{"@id":"https:\/\/www.lescale-du-perthuis.com\/de\/#\/schema\/logo\/image\/"}}]}},"_links":{"self":[{"href":"https:\/\/www.lescale-du-perthuis.com\/de\/wp-json\/wp\/v2\/pages\/1944","targetHints":{"allow":["GET"]}}],"collection":[{"href":"https:\/\/www.lescale-du-perthuis.com\/de\/wp-json\/wp\/v2\/pages"}],"about":[{"href":"https:\/\/www.lescale-du-perthuis.com\/de\/wp-json\/wp\/v2\/types\/page"}],"author":[{"embeddable":true,"href":"https:\/\/www.lescale-du-perthuis.com\/de\/wp-json\/wp\/v2\/users\/1"}],"replies":[{"embeddable":true,"href":"https:\/\/www.lescale-du-perthuis.com\/de\/wp-json\/wp\/v2\/comments?post=1944"}],"version-history":[{"count":7,"href":"https:\/\/www.lescale-du-perthuis.com\/de\/wp-json\/wp\/v2\/pages\/1944\/revisions"}],"predecessor-version":[{"id":2395,"href":"https:\/\/www.lescale-du-perthuis.com\/de\/wp-json\/wp\/v2\/pages\/1944\/revisions\/2395"}],"wp:featuredmedia":[{"embeddable":true,"href":"https:\/\/www.lescale-du-perthuis.com\/de\/wp-json\/wp\/v2\/media\/886"}],"wp:attachment":[{"href":"https:\/\/www.lescale-du-perthuis.com\/de\/wp-json\/wp\/v2\/media?parent=1944"}],"wp:term":[{"taxonomy":"sujet","embeddable":true,"href":"https:\/\/www.lescale-du-perthuis.com\/de\/wp-json\/wp\/v2\/sujet?post=1944"}],"curies":[{"name":"wp","href":"https:\/\/api.w.org\/{rel}","templated":true}]}}