{"id":1964,"date":"2025-01-07T15:06:38","date_gmt":"2025-01-07T15:06:38","guid":{"rendered":"https:\/\/www.lescale-du-perthuis.com\/tourismus-inseln-vendee\/"},"modified":"2025-02-20T14:12:22","modified_gmt":"2025-02-20T14:12:22","slug":"tourismus-inseln-vendee","status":"publish","type":"page","link":"https:\/\/www.lescale-du-perthuis.com\/de\/tourismus-inseln-vendee\/","title":{"rendered":"Die Inseln"},"content":{"rendered":"<section id=\"ls-section-block_bed493221518386806589e9ee5bc9dd3\" class=\"ls-section  page-one has-background has-color-4-background-color has-m-t m-t-0 has-m-b m-b-0 has-p-t p-t-14 has-p-b p-b-14\" >\r\n        <div class=\"container container--wide\">\r\n        \n\n<div class=\"wp-block-columns is-layout-flex wp-container-core-columns-is-layout-1 wp-block-columns-is-layout-flex\">\n<div class=\"wp-block-column animated fadeInLeft delay-100ms slow is-layout-flow wp-block-column-is-layout-flow\" style=\"flex-basis:45%\">\n<figure class=\"wp-block-image size-full\"><a href=\"http:\/\/www.lescale-du-perthuis.com\/wp-content\/uploads\/sites\/25\/2025\/01\/decouvrez-les-iles-plages-balade.webp\"><img loading=\"lazy\" decoding=\"async\" width=\"1000\" height=\"750\" src=\"http:\/\/www.lescale-du-perthuis.com\/wp-content\/uploads\/sites\/25\/2025\/01\/decouvrez-les-iles-plages-balade.webp\" alt=\"Entdecken Sie die Inseln Str&#xE4;nde Spaziergang\" class=\"wp-image-1402\" srcset=\"https:\/\/www.lescale-du-perthuis.com\/wp-content\/uploads\/sites\/25\/2025\/01\/decouvrez-les-iles-plages-balade.webp 1000w, https:\/\/www.lescale-du-perthuis.com\/wp-content\/uploads\/sites\/25\/2025\/01\/decouvrez-les-iles-plages-balade-300x225.webp 300w, https:\/\/www.lescale-du-perthuis.com\/wp-content\/uploads\/sites\/25\/2025\/01\/decouvrez-les-iles-plages-balade-768x576.webp 768w\" sizes=\"auto, (max-width: 1000px) 100vw, 1000px\" \/><\/a><\/figure>\n<\/div>\n\n\n\n<div class=\"wp-block-column is-vertically-aligned-center animated fadeInRight slow is-layout-flow wp-block-column-is-layout-flow\" style=\"flex-basis:55%\">\n<h1 class=\"ls__heading wp-block-heading\">Erkunden Sie die Inseln der Vend\u00e9e<\/h1>\n\n\n\n<p class=\"ls-paragraph\">Begeben Sie sich <strong>auf ein Abenteuer<\/strong> und lassen Sie sich von den Sch\u00e4tzen der Inseln der Vend\u00e9e verf\u00fchren, zwischen gesch\u00fctzter Natur, zauberhaften Panoramen und unvergesslichen Ausfl\u00fcgen!<\/p>\n\n\n\n<h2 class=\"ls__heading wp-block-heading\">Sehenswertes auf der \u00cele d&#8217;Aix<\/h2>\n\n\n\n<p class=\"ls-paragraph\">Entdecken Sie w\u00e4hrend Ihres Urlaubs auf einem <a href=\"https:\/\/www.lescale-du-perthuis.com\/de\/\">4-Sterne-Campingplatz<\/a> in der Vend\u00e9e die \u00cele<strong>d&#8217;Aix<\/strong>, die Perle der Charente-Maritime. Sie besticht durch ihren einzigartigen Charme und ihr reiches Erbe. Entdecken Sie das <strong>Napoleonmuseum<\/strong>, wo der Kaiser seine letzten Momente verbrachte und eine bewegende Reise durch die Geschichte bietet.  <\/p>\n\n\n\n<p class=\"ls-paragraph\">Erkunden Sie das <strong>Fort de Li\u00e9dot<\/strong>, das von verschiedenen Epochen und Nutzungen zeugt, und lassen Sie sich von dem doppelt\u00fcrmigen Leuchtturm, dem Symbol der maritimen Vergangenheit der Insel, fesseln.  <\/p>\n\n\n\n<p class=\"ls-paragraph\">Tauchen Sie im <a href=\"https:\/\/www.iledaix.fr\/maison-de-la-nacre\" target=\"_blank\" rel=\"noreferrer noopener nofollow\">Perlmuttmuseum<\/a> in das lokale Kunsthandwerk ein, wo die Kunstfertigkeit der Perlmuttk\u00fcnstler gezeigt wird.  <\/p>\n\n\n\n<p class=\"ls-paragraph\">Zwischen <strong>Geschichte, Kultur und Kunsthandwerk<\/strong> verspricht die \u00cele d&#8217;Aix einen <strong>herzlichen und authentischen Ausflug<\/strong>, ideal um Ihren Aufenthalt in der Charente-Maritime zu bereichern.<\/p>\n<\/div>\n<\/div>\n\n\r\n    <\/div>\r\n<\/section><section id=\"ls-section-block_c290c6fa9949475dbaefaeb0f708e993\" class=\"ls-section  home-gallery has-background has-color-4-background-color has-m-t m-t-0 has-p-t p-t-0\" >\r\n        <div class=\"container container--full\">\r\n        \n\n<figure class=\"wp-block-gallery has-nested-images columns-1 is-cropped galerie-slider-container wp-block-gallery-1 is-layout-flex wp-block-gallery-is-layout-flex\">\n<figure class=\"wp-block-image size-full\"><a href=\"http:\/\/www.lescale-du-perthuis.com\/wp-content\/uploads\/sites\/25\/2025\/01\/decouvrez-les-iles-fort.webp\"><img loading=\"lazy\" decoding=\"async\" width=\"1200\" height=\"900\" src=\"http:\/\/www.lescale-du-perthuis.com\/wp-content\/uploads\/sites\/25\/2025\/01\/decouvrez-les-iles-fort.webp\" alt=\"Entdecken Sie die Fort-Inseln\" class=\"wp-image-1434\" srcset=\"https:\/\/www.lescale-du-perthuis.com\/wp-content\/uploads\/sites\/25\/2025\/01\/decouvrez-les-iles-fort.webp 1200w, https:\/\/www.lescale-du-perthuis.com\/wp-content\/uploads\/sites\/25\/2025\/01\/decouvrez-les-iles-fort-300x225.webp 300w, https:\/\/www.lescale-du-perthuis.com\/wp-content\/uploads\/sites\/25\/2025\/01\/decouvrez-les-iles-fort-1024x768.webp 1024w, https:\/\/www.lescale-du-perthuis.com\/wp-content\/uploads\/sites\/25\/2025\/01\/decouvrez-les-iles-fort-768x576.webp 768w\" sizes=\"auto, (max-width: 1200px) 100vw, 1200px\" \/><\/a><\/figure>\n\n\n\n<figure class=\"wp-block-image size-full\"><a href=\"http:\/\/www.lescale-du-perthuis.com\/wp-content\/uploads\/sites\/25\/2025\/01\/decouvrez-les-iles-plages.webp\"><img loading=\"lazy\" decoding=\"async\" width=\"1000\" height=\"750\" src=\"http:\/\/www.lescale-du-perthuis.com\/wp-content\/uploads\/sites\/25\/2025\/01\/decouvrez-les-iles-plages.webp\" alt=\"Entdecken Sie die Inseln Str&#xE4;nde\" class=\"wp-image-1411\" srcset=\"https:\/\/www.lescale-du-perthuis.com\/wp-content\/uploads\/sites\/25\/2025\/01\/decouvrez-les-iles-plages.webp 1000w, https:\/\/www.lescale-du-perthuis.com\/wp-content\/uploads\/sites\/25\/2025\/01\/decouvrez-les-iles-plages-300x225.webp 300w, https:\/\/www.lescale-du-perthuis.com\/wp-content\/uploads\/sites\/25\/2025\/01\/decouvrez-les-iles-plages-768x576.webp 768w\" sizes=\"auto, (max-width: 1000px) 100vw, 1000px\" \/><\/a><\/figure>\n\n\n\n<figure class=\"wp-block-image size-full\"><a href=\"http:\/\/www.lescale-du-perthuis.com\/wp-content\/uploads\/sites\/25\/2025\/01\/decouvrez-les-iles-il-de-re.webp\"><img loading=\"lazy\" decoding=\"async\" width=\"1000\" height=\"750\" src=\"http:\/\/www.lescale-du-perthuis.com\/wp-content\/uploads\/sites\/25\/2025\/01\/decouvrez-les-iles-il-de-re.webp\" alt=\"Entdecken Sie die Inseln il de re\" class=\"wp-image-1415\" srcset=\"https:\/\/www.lescale-du-perthuis.com\/wp-content\/uploads\/sites\/25\/2025\/01\/decouvrez-les-iles-il-de-re.webp 1000w, https:\/\/www.lescale-du-perthuis.com\/wp-content\/uploads\/sites\/25\/2025\/01\/decouvrez-les-iles-il-de-re-300x225.webp 300w, https:\/\/www.lescale-du-perthuis.com\/wp-content\/uploads\/sites\/25\/2025\/01\/decouvrez-les-iles-il-de-re-768x576.webp 768w\" sizes=\"auto, (max-width: 1000px) 100vw, 1000px\" \/><\/a><\/figure>\n<\/figure>\n\n\r\n    <\/div>\r\n<\/section><section id=\"ile-de-re\" class=\"ls-section  page-one aventure\" >\r\n        <div class=\"container container--wide\">\r\n        \n\n<div class=\"wp-block-columns is-layout-flex wp-container-core-columns-is-layout-2 wp-block-columns-is-layout-flex\">\n<div class=\"wp-block-column first animated fadeInLeft delay-100ms slow is-layout-flow wp-block-column-is-layout-flow\" style=\"flex-basis:45%\">\n<figure class=\"wp-block-image size-full\"><a href=\"http:\/\/www.lescale-du-perthuis.com\/wp-content\/uploads\/sites\/25\/2025\/01\/decouvrez-les-iles-fort-des-baleines.webp\"><img loading=\"lazy\" decoding=\"async\" width=\"1000\" height=\"750\" src=\"http:\/\/www.lescale-du-perthuis.com\/wp-content\/uploads\/sites\/25\/2025\/01\/decouvrez-les-iles-fort-des-baleines.webp\" alt=\"Entdecken Sie die Inseln der starken Wale\" class=\"wp-image-1420\" srcset=\"https:\/\/www.lescale-du-perthuis.com\/wp-content\/uploads\/sites\/25\/2025\/01\/decouvrez-les-iles-fort-des-baleines.webp 1000w, https:\/\/www.lescale-du-perthuis.com\/wp-content\/uploads\/sites\/25\/2025\/01\/decouvrez-les-iles-fort-des-baleines-300x225.webp 300w, https:\/\/www.lescale-du-perthuis.com\/wp-content\/uploads\/sites\/25\/2025\/01\/decouvrez-les-iles-fort-des-baleines-768x576.webp 768w\" sizes=\"auto, (max-width: 1000px) 100vw, 1000px\" \/><\/a><\/figure>\n<\/div>\n\n\n\n<div class=\"wp-block-column is-vertically-aligned-center second animated fadeInRight slow is-layout-flow wp-block-column-is-layout-flow\" style=\"flex-basis:55%\">\n<div id=\"ls-heading ls-titre-div-block_94a77a8874077b91b631e16eb708d7b9\" class=\"ls-titre-div border h1-like\" >\n    Charmeund<em>Authentizit\u00e4t<\/em><\/div>\n\n\n\n<h2 class=\"ls__heading wp-block-heading has-text-align-left\">  Die Insel R\u00e9<\/h2>\n\n\n\n<p class=\"ls-paragraph\">Die Ile de R\u00e9 ist die erste franz\u00f6sische Insel, die mit dem Label &#8220; <strong>Pays d&#8217;Art et d&#8217;Histoire<\/strong> &#8220; ausgezeichnet wurde und ein <strong>unumg\u00e4ngliches paradiesisches Reiseziel<\/strong> ist.  <\/p>\n\n\n\n<p class=\"ls-paragraph\">Die Stadt verf\u00fcgt \u00fcber eine beeindruckende Anzahl an wundersch\u00f6nen Orten.  <\/p>\n\n\n\n<p class=\"ls-paragraph\">Sie werden dem Charme der Str\u00e4nde und der Sch\u00f6nheit der Gassen nicht widerstehen k\u00f6nnen.  <\/p>\n\n\n\n<p class=\"ls-paragraph\">Die reiche Biodiversit\u00e4t und die vielen malerischen D\u00f6rfer werden Ihre Wanderungen mit der Familie unvergesslich machen.<\/p>\n<\/div>\n<\/div>\n\n\r\n    <\/div>\r\n<\/section><section id=\"ls-section-block_d4cd800ea29fb751de371a2da49a17b3\" class=\"ls-section  page-one has-background has-color-4-background-color has-m-b m-b-0 has-p-t p-t-14\" >\r\n        <div class=\"container container--wide\">\r\n        \n\n<div class=\"wp-block-columns is-layout-flex wp-container-core-columns-is-layout-3 wp-block-columns-is-layout-flex\">\n<div class=\"wp-block-column first  animated fadeInLeft slow is-layout-flow wp-block-column-is-layout-flow\" style=\"flex-basis:55%\">\n<h3 class=\"ls__heading wp-block-heading\">Was kann man auf der \u00cele de R\u00e9 unternehmen?<\/h3>\n\n\n\n<p class=\"ls-paragraph\">Die Ile de R\u00e9 ist reich an Sehensw\u00fcrdigkeiten, die Sie nicht verpassen sollten. Die <strong>Abbaye des Ch\u00e2teliers<\/strong> ist eines der bekanntesten Denkm\u00e4ler.  <\/p>\n\n\n\n<p class=\"ls-paragraph\">Die <strong>Kirche von Sainte-Marie-de-R\u00e9<\/strong> erwartet Sie mit ihrem Glockenturm, der einen <strong>360\u00b0-Panoramablick<\/strong> auf die Ile d&#8217;Ol\u00e9ron und Fort Boyard bietet. <\/p>\n\n\n\n<p class=\"ls-paragraph\">Sie werden am<strong> Hafen von Saint-Martin-de-R\u00e9<\/strong> staunen. Dieser Ort besticht durch seine Jachthafenzone, die durch einen Damm und Festungen, die<strong> zum Weltkulturerbe geh\u00f6ren<\/strong>, gesichert ist. Der Hafen ist den ganzen Tag \u00fcber belebt und nachts finden hier Festivit\u00e4ten statt.  <\/p>\n\n\n\n<p class=\"ls-paragraph\">Auf keinen Fall sollten Sie einen Abstecher zum <strong>Leuchtturm Les Baleines<\/strong> verpassen. Dieses Denkmal ist eine echte Attraktion des Ortes. Er besteht aus 257 Stufen. Von hier aus haben Sie eine hervorragende Aussicht auf die gesamte Insel und ihre Umgebung.     <\/p>\n\n\n\n<p class=\"ls-paragraph\">Besuchen Sie auch <strong>die Vauban-Festungen<\/strong>. Sie sind Teil des<strong> UNESCO-Weltkulturerbes<\/strong> und beeindrucken durch ihre atypische Form.   <\/p>\n\n\n\n<p class=\"ls-paragraph\">Fahren Sie auch zu den Salzg\u00e4rten der Ile de R\u00e9 und besuchen Sie das dortige \u00d6komuseum.<\/p>\n<\/div>\n\n\n\n<div class=\"wp-block-column second animated fadeInRight delay-100ms slow is-layout-flow wp-block-column-is-layout-flow\" style=\"flex-basis:45%\">\n<figure class=\"wp-block-image size-full\"><a href=\"http:\/\/www.lescale-du-perthuis.com\/wp-content\/uploads\/sites\/25\/2025\/01\/decouvrez-les-iles-saint-pierre.webp\"><img loading=\"lazy\" decoding=\"async\" width=\"1000\" height=\"750\" src=\"http:\/\/www.lescale-du-perthuis.com\/wp-content\/uploads\/sites\/25\/2025\/01\/decouvrez-les-iles-saint-pierre.webp\" alt=\"Entdecken Sie die St. Stephens Inseln\" class=\"wp-image-1424\" srcset=\"https:\/\/www.lescale-du-perthuis.com\/wp-content\/uploads\/sites\/25\/2025\/01\/decouvrez-les-iles-saint-pierre.webp 1000w, https:\/\/www.lescale-du-perthuis.com\/wp-content\/uploads\/sites\/25\/2025\/01\/decouvrez-les-iles-saint-pierre-300x225.webp 300w, https:\/\/www.lescale-du-perthuis.com\/wp-content\/uploads\/sites\/25\/2025\/01\/decouvrez-les-iles-saint-pierre-768x576.webp 768w\" sizes=\"auto, (max-width: 1000px) 100vw, 1000px\" \/><\/a><\/figure>\n<\/div>\n<\/div>\n\n\r\n    <\/div>\r\n<\/section><section id=\"ls-section-block_b213dd43844d2028053a72168ff469fe\" class=\"ls-section  page-one aventure\" >\r\n        <div class=\"container container--wide\">\r\n        \n\n<div class=\"wp-block-columns is-layout-flex wp-container-core-columns-is-layout-4 wp-block-columns-is-layout-flex\">\n<div class=\"wp-block-column first animated fadeInLeft delay-100ms slow is-layout-flow wp-block-column-is-layout-flow\" style=\"flex-basis:45%\">\n<figure class=\"wp-block-image size-full\"><a href=\"http:\/\/www.lescale-du-perthuis.com\/wp-content\/uploads\/sites\/25\/2025\/01\/decouvrez-les-iles-plage-et-balade.webp\"><img loading=\"lazy\" decoding=\"async\" width=\"1000\" height=\"750\" src=\"http:\/\/www.lescale-du-perthuis.com\/wp-content\/uploads\/sites\/25\/2025\/01\/decouvrez-les-iles-plage-et-balade.webp\" alt=\"Entdecken Sie die Inseln Plage und Ba&amp;amp;lade\" class=\"wp-image-1429\" srcset=\"https:\/\/www.lescale-du-perthuis.com\/wp-content\/uploads\/sites\/25\/2025\/01\/decouvrez-les-iles-plage-et-balade.webp 1000w, https:\/\/www.lescale-du-perthuis.com\/wp-content\/uploads\/sites\/25\/2025\/01\/decouvrez-les-iles-plage-et-balade-300x225.webp 300w, https:\/\/www.lescale-du-perthuis.com\/wp-content\/uploads\/sites\/25\/2025\/01\/decouvrez-les-iles-plage-et-balade-768x576.webp 768w\" sizes=\"auto, (max-width: 1000px) 100vw, 1000px\" \/><\/a><\/figure>\n<\/div>\n\n\n\n<div class=\"wp-block-column is-vertically-aligned-center second animated fadeInRight slow is-layout-flow wp-block-column-is-layout-flow\" style=\"flex-basis:55%\">\n<h3 class=\"ls__heading wp-block-heading has-text-align-left\">\u00cele <strong>de R\u00e9<\/strong>, sch\u00f6ne Spazierg\u00e4nge und zahlreiche Freizeitaktivit\u00e4ten<\/h3>\n\n\n\n<p class=\"ls-paragraph\">Auf der Ile de R\u00e9 gibt es <strong>10 malerische D\u00f6rfer<\/strong> mit au\u00dfergew\u00f6hnlichen Landschaften. Sie werden es genie\u00dfen, sie <strong>zu Fu\u00df oder mit dem Fahrrad zu<\/strong> durchqueren, um die Gassen, die alten Brunnen und das gro\u00dfartige architektonische Erbe zu bewundern.   <\/p>\n\n\n\n<p class=\"ls-paragraph\">Sie k\u00f6nnen nach Belieben schwimmen und die Sonne genie\u00dfen.  <\/p>\n\n\n\n<p class=\"ls-paragraph\">Die Ile de R\u00e9 verf\u00fcgt \u00fcber <strong>8 Surfspots<\/strong>, die verschiedene Aktivit\u00e4ten wie Surfen, Windsurfen, Kitesurfen, Funboarding, Windsurfen, Kanu, Katamaran, Paddle, Jetski usw. anbieten.  <\/p>\n\n\n\n<p class=\"ls-paragraph\">Sie k\u00f6nnen auch auf einer Kreuzfahrt aufs Meer hinausfahren oder <strong>Fisch und Meeresfr\u00fcchte angeln<\/strong>. Sie k\u00f6nnen<strong> die Weinberge<\/strong> besuchen und <strong>die k\u00f6stlichen lokalen Gerichte genie\u00dfen<\/strong>. <\/p>\n<\/div>\n<\/div>\n\n\r\n    <\/div>\r\n<\/section><section id=\"ls-section-block_46cdc8fa394dc27f254b7c06b8ee2d6c\" class=\"ls-section  page-one has-background has-color-3-background-color has-m-b m-b-0 has-p-t p-t-14\" >\r\n        <div class=\"container container--wide\">\r\n        \n\n<div class=\"wp-block-columns is-layout-flex wp-container-core-columns-is-layout-5 wp-block-columns-is-layout-flex\">\n<div class=\"wp-block-column is-vertically-aligned-center first  animated fadeInLeft slow is-layout-flow wp-block-column-is-layout-flow\" style=\"flex-basis:55%\">\n<h3 class=\"ls__heading wp-block-heading\">Wie komme ich <strong>von La Tranche sur Mer auf die Ile de R\u00e9<\/strong>?<\/h3>\n\n\n\n<p class=\"ls-paragraph\">Sie machen einen<strong> Campingurlaub in La Tranche sur Mer<\/strong> in der Vend\u00e9e und m\u00f6chten auf die Ile de R\u00e9 fahren? Der Campingplatz L&#8217;Escale du Perthuis liegt direkt gegen\u00fcber der Ile de R\u00e9!   <\/p>\n\n\n\n<p class=\"ls-paragraph\">Im Sommer gibt es <strong>Kreuzfahrten zwischen den Inseln<\/strong>, die t\u00e4glich von La Tranche-sur-Mer aus starten, um <strong>Fort Boyard<\/strong>, die Inseln der Charente-Maritime und sogar La Rochelle zu erkunden, wo Sie z.B. das <strong>Aquarium <\/strong>besuchen k\u00f6nnen.<\/p>\n\n\n\n<p class=\"ls-paragraph\">Wenn Sie auf dem <strong>Campingplatz L&#8217;Escale du Perthuis<\/strong> in La Tranche sur Mer wohnen, haben Sie <strong>direkten Zugang zum Meer<\/strong>, ein beheiztes und \u00fcberdachtes Schwimmbad, einen Wasserpark und eine warme und famili\u00e4re Atmosph\u00e4re.<\/p>\n<\/div>\n\n\n\n<div class=\"wp-block-column second animated fadeInRight delay-100ms slow is-layout-flow wp-block-column-is-layout-flow\" style=\"flex-basis:45%\">\n<figure class=\"wp-block-image size-full\"><a href=\"http:\/\/www.lescale-du-perthuis.com\/wp-content\/uploads\/sites\/25\/2025\/01\/decouvrez-les-iles-visite.webp\"><img loading=\"lazy\" decoding=\"async\" width=\"1000\" height=\"750\" src=\"http:\/\/www.lescale-du-perthuis.com\/wp-content\/uploads\/sites\/25\/2025\/01\/decouvrez-les-iles-visite.webp\" alt=\"Entdecken Sie die Inseln Besuch\" class=\"wp-image-1439\" srcset=\"https:\/\/www.lescale-du-perthuis.com\/wp-content\/uploads\/sites\/25\/2025\/01\/decouvrez-les-iles-visite.webp 1000w, https:\/\/www.lescale-du-perthuis.com\/wp-content\/uploads\/sites\/25\/2025\/01\/decouvrez-les-iles-visite-300x225.webp 300w, https:\/\/www.lescale-du-perthuis.com\/wp-content\/uploads\/sites\/25\/2025\/01\/decouvrez-les-iles-visite-768x576.webp 768w\" sizes=\"auto, (max-width: 1000px) 100vw, 1000px\" \/><\/a><\/figure>\n<\/div>\n<\/div>\n\n\r\n    <\/div>\r\n<\/section><section id=\"ls-section-block_029d8624de8226e5de2d7dd6eb2b5582\" class=\"ls-section  page-one aventure\" >\r\n        <div class=\"container container--wide\">\r\n        \n\n<div class=\"wp-block-columns is-layout-flex wp-container-core-columns-is-layout-6 wp-block-columns-is-layout-flex\">\n<div class=\"wp-block-column first animated fadeInLeft delay-100ms slow is-layout-flow wp-block-column-is-layout-flow\" style=\"flex-basis:45%\">\n<figure class=\"wp-block-image size-full\"><a href=\"http:\/\/www.lescale-du-perthuis.com\/wp-content\/uploads\/sites\/25\/2025\/01\/decouvrez-les-iles-fort-boyard.webp\"><img loading=\"lazy\" decoding=\"async\" width=\"1000\" height=\"750\" src=\"http:\/\/www.lescale-du-perthuis.com\/wp-content\/uploads\/sites\/25\/2025\/01\/decouvrez-les-iles-fort-boyard.webp\" alt=\"Entdecken Sie die Fort Boyard-Inseln\" class=\"wp-image-1444\" srcset=\"https:\/\/www.lescale-du-perthuis.com\/wp-content\/uploads\/sites\/25\/2025\/01\/decouvrez-les-iles-fort-boyard.webp 1000w, https:\/\/www.lescale-du-perthuis.com\/wp-content\/uploads\/sites\/25\/2025\/01\/decouvrez-les-iles-fort-boyard-300x225.webp 300w, https:\/\/www.lescale-du-perthuis.com\/wp-content\/uploads\/sites\/25\/2025\/01\/decouvrez-les-iles-fort-boyard-768x576.webp 768w\" sizes=\"auto, (max-width: 1000px) 100vw, 1000px\" \/><\/a><\/figure>\n<\/div>\n\n\n\n<div class=\"wp-block-column is-vertically-aligned-center second animated fadeInRight slow is-layout-flow wp-block-column-is-layout-flow\" style=\"flex-basis:55%\">\n<h2 class=\"ls__heading wp-block-heading has-text-align-left\">Besuchen Sie Fort Boyard<\/h2>\n\n\n\n<p class=\"ls-paragraph\">Bei einem Urlaub in La Tranche sur Mer in der Vend\u00e9e k\u00f6nnen Sie das ber\u00fchmte <strong>Fort Boyard<\/strong> entdecken. Obwohl das Innere nicht \u00f6ffentlich zug\u00e4nglich ist, k\u00f6nnen Sie es auf einer <strong>Kreuzfahrt oder einem Segelboot<\/strong> von La Tranche-sur-Mer aus besichtigen. Das Fort wurde auf Befehl von Napoleon erbaut und 1859 fertiggestellt. Es diente als Gef\u00e4ngnis, bevor es verlassen wurde und sp\u00e4ter <strong>f\u00fcr Fernsehsendungen<\/strong> wie &#8222;Les Cl\u00e9s de Fort Boyard&#8220; <strong>genutzt<\/strong> wurde.    <\/p>\n\n\n\n<p class=\"ls-paragraph\">Gehen Sie am Morgen an Bord f\u00fcr einen au\u00dfergew\u00f6hnlichen Tag auf See und bewundern Sie dieses faszinierende Monument mit einer <strong>L\u00e4nge von 68 Metern und drei Stockwerken<\/strong>. W\u00e4hrend der Fahrt k\u00f6nnen Sie es aus allen Blickwinkeln betrachten, ein unvergessliches Erlebnis. <strong>Erkunden<\/strong> Sie anschlie\u00dfend <strong>die Ile d&#8217;Aix mit<\/strong> ihren Eschen-, Pinien- und Steineichenw\u00e4ldern mit <strong>dem Fahrrad<\/strong> und genie\u00dfen Sie ein Picknick an den Str\u00e4nden.    <\/p>\n\n\n\n<p class=\"ls-paragraph\"><strong>Besuchen Sie den Campingplatz Escale du Perthuis<\/strong> und genie\u00dfen Sie den <a href=\"https:\/\/www.lescale-du-perthuis.com\/de\/campingplatz-hallenbad-la-tranche-sur-mer\/\">Wasserpark<\/a> und die <a href=\"https:\/\/www.lescale-du-perthuis.com\/de\/vermietung-mobilheim-vendee\/\">komfortablen Mobilheime<\/a>.<\/p>\n<\/div>\n<\/div>\n\n\r\n    <\/div>\r\n<\/section><section id=\"ls-section-block_b1c173be2655276736165bcac0f50615\" class=\"ls-section  page-maillage experience has-m-t m-t-0 has-p-t p-t-10\" >\r\n        <div class=\"container container--wide\">\r\n        \n\n<div id=\"ls-heading ls-titre-div-block_854ca1dcc1ab938302fec1558e992a04\" class=\"ls-titre-div aligncenter h2-like\" >\n    Ein Paradies <strong>in Reichweite<\/strong><\/div>\n\n\n<div id=\"ls-maillage-block_56c2dc57b81972fcc63451201bebdd96\" class=\"ls-maillage cta-style-normal\" data-rows=\"3\">\n    <div class=\"wp-block-columns\"><div class=\"wp-block-column\"><div id=\"destinations\" class=\"ls-cta\">\n\n<a href=\"https:\/\/www.lescale-du-perthuis.com\/de\/tourismus-natur-vendee\/\" target=\"\" rel=\"noopener\" class=\"ls-cta__link\">\n\n\t<div class=\"ls-cta__image\"><img decoding=\"async\" src=\"https:\/\/www.lescale-du-perthuis.com\/wp-content\/uploads\/sites\/25\/2025\/01\/camping-lescale-du-perthuis-nature.webp\" alt=\"camping lescale du perthuis natur\"><\/div>\n\t<div class=\"ls-cta__title\">\n\t\tNatur\t<\/div>\n\n\t\t\n<\/a><\/div><\/div><div class=\"wp-block-column\"><div id=\"destinations\" class=\"ls-cta\">\n\n<a href=\"https:\/\/www.lescale-du-perthuis.com\/de\/tourismus-vendee\/\" target=\"\" rel=\"noopener\" class=\"ls-cta__link\">\n\n\t<div class=\"ls-cta__image\"><img decoding=\"async\" src=\"https:\/\/www.lescale-du-perthuis.com\/wp-content\/uploads\/sites\/25\/2025\/01\/Design-sans-titre-25.webp\" alt=\"Entdecken Sie die Vendee Perthuis\"><\/div>\n\t<div class=\"ls-cta__title\">\n\t\tEntdecken Sie die Vend\u00e9e\t<\/div>\n\n\t\t\n<\/a><\/div><\/div><div class=\"wp-block-column\"><div id=\"destinations\" class=\"ls-cta\">\n\n<a href=\"https:\/\/www.lescale-du-perthuis.com\/de\/tourismus-la-tranche-sur-mer\/\" target=\"\" rel=\"noopener\" class=\"ls-cta__link\">\n\n\t<div class=\"ls-cta__image\"><img decoding=\"async\" src=\"https:\/\/www.lescale-du-perthuis.com\/wp-content\/uploads\/sites\/25\/2025\/01\/camping-en-vendee-balade.webp\" alt=\"Camping in der Vendee Spaziergang\"><\/div>\n\t<div class=\"ls-cta__title\">\n\t\tErkunden Sie die K\u00fcste\t<\/div>\n\n\t\t\n<\/a><\/div><\/div><\/div><\/div>\n\r\n    <\/div>\r\n<\/section>","protected":false},"excerpt":{"rendered":"","protected":false},"author":1,"featured_media":1400,"parent":0,"menu_order":0,"comment_status":"closed","ping_status":"closed","template":"","meta":{"_acf_changed":false,"footnotes":""},"sujet":[],"class_list":["post-1964","page","type-page","status-publish","has-post-thumbnail","hentry"],"acf":[],"yoast_head":"<!-- This site is optimized with the Yoast SEO plugin v23.9 - https:\/\/yoast.com\/wordpress\/plugins\/seo\/ -->\n<title>Erkunden Sie die Inseln der Vend\u00e9e | Besuchen Sie die Inseln der Vend\u00e9e<\/title>\n<meta name=\"description\" content=\"Erkunden Sie die Inseln der Vend\u00e9e: \u00cele d&#039;Aix, \u00cele de R\u00e9 und Fort Boyard. Kulturerbe, Str\u00e4nde, Wassersport und unvergessliche Kreuzfahrten erwarten Sie!\" \/>\n<meta name=\"robots\" content=\"index, follow, max-snippet:-1, max-image-preview:large, max-video-preview:-1\" \/>\n<link rel=\"canonical\" href=\"https:\/\/www.lescale-du-perthuis.com\/de\/tourismus-inseln-vendee\/\" \/>\n<meta property=\"og:locale\" content=\"de_DE\" \/>\n<meta property=\"og:type\" content=\"article\" \/>\n<meta property=\"og:title\" content=\"Erkunden Sie die Inseln der Vend\u00e9e | Besuchen Sie die Inseln der Vend\u00e9e\" \/>\n<meta property=\"og:description\" content=\"Erkunden Sie die Inseln der Vend\u00e9e: \u00cele d&#039;Aix, \u00cele de R\u00e9 und Fort Boyard. Kulturerbe, Str\u00e4nde, Wassersport und unvergessliche Kreuzfahrten erwarten Sie!\" \/>\n<meta property=\"og:url\" content=\"https:\/\/www.lescale-du-perthuis.com\/de\/tourismus-inseln-vendee\/\" \/>\n<meta property=\"og:site_name\" content=\"Camping L&#039;Escale de Perthuis\" \/>\n<meta property=\"article:modified_time\" content=\"2025-02-20T14:12:22+00:00\" \/>\n<meta property=\"og:image\" content=\"https:\/\/www.lescale-du-perthuis.com\/wp-content\/uploads\/sites\/25\/2025\/01\/4-H.Marcou.-La-Baie-des-Sables-dOlonne_1-scaled.webp\" \/>\n\t<meta property=\"og:image:width\" content=\"2560\" \/>\n\t<meta property=\"og:image:height\" content=\"667\" \/>\n\t<meta property=\"og:image:type\" content=\"image\/webp\" \/>\n<meta name=\"twitter:card\" content=\"summary_large_image\" \/>\n<meta name=\"twitter:label1\" content=\"Gesch\u00e4tzte Lesezeit\" \/>\n\t<meta name=\"twitter:data1\" content=\"4\u00a0Minuten\" \/>\n<script type=\"application\/ld+json\" class=\"yoast-schema-graph\">{\"@context\":\"https:\/\/schema.org\",\"@graph\":[{\"@type\":\"WebPage\",\"@id\":\"https:\/\/www.lescale-du-perthuis.com\/de\/tourismus-inseln-vendee\/\",\"url\":\"https:\/\/www.lescale-du-perthuis.com\/de\/tourismus-inseln-vendee\/\",\"name\":\"Erkunden Sie die Inseln der Vend\u00e9e | Besuchen Sie die Inseln der Vend\u00e9e\",\"isPartOf\":{\"@id\":\"https:\/\/www.lescale-du-perthuis.com\/de\/#website\"},\"primaryImageOfPage\":{\"@id\":\"https:\/\/www.lescale-du-perthuis.com\/de\/tourismus-inseln-vendee\/#primaryimage\"},\"image\":{\"@id\":\"https:\/\/www.lescale-du-perthuis.com\/de\/tourismus-inseln-vendee\/#primaryimage\"},\"thumbnailUrl\":\"https:\/\/www.lescale-du-perthuis.com\/wp-content\/uploads\/sites\/25\/2025\/01\/4-H.Marcou.-La-Baie-des-Sables-dOlonne_1-scaled.webp\",\"datePublished\":\"2025-01-07T15:06:38+00:00\",\"dateModified\":\"2025-02-20T14:12:22+00:00\",\"description\":\"Erkunden Sie die Inseln der Vend\u00e9e: \u00cele d'Aix, \u00cele de R\u00e9 und Fort Boyard. Kulturerbe, Str\u00e4nde, Wassersport und unvergessliche Kreuzfahrten erwarten Sie!\",\"breadcrumb\":{\"@id\":\"https:\/\/www.lescale-du-perthuis.com\/de\/tourismus-inseln-vendee\/#breadcrumb\"},\"inLanguage\":\"de\",\"potentialAction\":[{\"@type\":\"ReadAction\",\"target\":[\"https:\/\/www.lescale-du-perthuis.com\/de\/tourismus-inseln-vendee\/\"]}]},{\"@type\":\"ImageObject\",\"inLanguage\":\"de\",\"@id\":\"https:\/\/www.lescale-du-perthuis.com\/de\/tourismus-inseln-vendee\/#primaryimage\",\"url\":\"https:\/\/www.lescale-du-perthuis.com\/wp-content\/uploads\/sites\/25\/2025\/01\/4-H.Marcou.-La-Baie-des-Sables-dOlonne_1-scaled.webp\",\"contentUrl\":\"https:\/\/www.lescale-du-perthuis.com\/wp-content\/uploads\/sites\/25\/2025\/01\/4-H.Marcou.-La-Baie-des-Sables-dOlonne_1-scaled.webp\",\"width\":2560,\"height\":667,\"caption\":\"4 H.Marcou. Die Bucht von Les Sables d'Olonne 1\"},{\"@type\":\"BreadcrumbList\",\"@id\":\"https:\/\/www.lescale-du-perthuis.com\/de\/tourismus-inseln-vendee\/#breadcrumb\",\"itemListElement\":[{\"@type\":\"ListItem\",\"position\":1,\"name\":\"Camping in der Vend\u00e9e\",\"item\":\"https:\/\/www.lescale-du-perthuis.com\/de\/\"},{\"@type\":\"ListItem\",\"position\":2,\"name\":\"Entdecken Sie die Inseln der Vend\u00e9e\"}]},{\"@type\":\"WebSite\",\"@id\":\"https:\/\/www.lescale-du-perthuis.com\/de\/#website\",\"url\":\"https:\/\/www.lescale-du-perthuis.com\/de\/\",\"name\":\"Camping L&#039;Escale de Perthuis\",\"description\":\"\",\"publisher\":{\"@id\":\"https:\/\/www.lescale-du-perthuis.com\/de\/#organization\"},\"potentialAction\":[{\"@type\":\"SearchAction\",\"target\":{\"@type\":\"EntryPoint\",\"urlTemplate\":\"https:\/\/www.lescale-du-perthuis.com\/de\/?s={search_term_string}\"},\"query-input\":{\"@type\":\"PropertyValueSpecification\",\"valueRequired\":true,\"valueName\":\"search_term_string\"}}],\"inLanguage\":\"de\"},{\"@type\":\"Organization\",\"@id\":\"https:\/\/www.lescale-du-perthuis.com\/de\/#organization\",\"name\":\"Camping L&#039;Escale de Perthuis\",\"url\":\"https:\/\/www.lescale-du-perthuis.com\/de\/\",\"logo\":{\"@type\":\"ImageObject\",\"inLanguage\":\"de\",\"@id\":\"https:\/\/www.lescale-du-perthuis.com\/de\/#\/schema\/logo\/image\/\",\"url\":\"https:\/\/www.lescale-du-perthuis.com\/wp-content\/uploads\/sites\/25\/2024\/07\/cropped-logo_camping_l_escale_du_perthuis.png\",\"contentUrl\":\"https:\/\/www.lescale-du-perthuis.com\/wp-content\/uploads\/sites\/25\/2024\/07\/cropped-logo_camping_l_escale_du_perthuis.png\",\"width\":200,\"height\":321,\"caption\":\"Camping L&#039;Escale de Perthuis\"},\"image\":{\"@id\":\"https:\/\/www.lescale-du-perthuis.com\/de\/#\/schema\/logo\/image\/\"}}]}<\/script>\n<!-- \/ Yoast SEO plugin. -->","yoast_head_json":{"title":"Erkunden Sie die Inseln der Vend\u00e9e | Besuchen Sie die Inseln der Vend\u00e9e","description":"Erkunden Sie die Inseln der Vend\u00e9e: \u00cele d'Aix, \u00cele de R\u00e9 und Fort Boyard. Kulturerbe, Str\u00e4nde, Wassersport und unvergessliche Kreuzfahrten erwarten Sie!","robots":{"index":"index","follow":"follow","max-snippet":"max-snippet:-1","max-image-preview":"max-image-preview:large","max-video-preview":"max-video-preview:-1"},"canonical":"https:\/\/www.lescale-du-perthuis.com\/de\/tourismus-inseln-vendee\/","og_locale":"de_DE","og_type":"article","og_title":"Erkunden Sie die Inseln der Vend\u00e9e | Besuchen Sie die Inseln der Vend\u00e9e","og_description":"Erkunden Sie die Inseln der Vend\u00e9e: \u00cele d'Aix, \u00cele de R\u00e9 und Fort Boyard. Kulturerbe, Str\u00e4nde, Wassersport und unvergessliche Kreuzfahrten erwarten Sie!","og_url":"https:\/\/www.lescale-du-perthuis.com\/de\/tourismus-inseln-vendee\/","og_site_name":"Camping L&#039;Escale de Perthuis","article_modified_time":"2025-02-20T14:12:22+00:00","og_image":[{"width":2560,"height":667,"url":"https:\/\/www.lescale-du-perthuis.com\/wp-content\/uploads\/sites\/25\/2025\/01\/4-H.Marcou.-La-Baie-des-Sables-dOlonne_1-scaled.webp","type":"image\/webp"}],"twitter_card":"summary_large_image","twitter_misc":{"Gesch\u00e4tzte Lesezeit":"4\u00a0Minuten"},"schema":{"@context":"https:\/\/schema.org","@graph":[{"@type":"WebPage","@id":"https:\/\/www.lescale-du-perthuis.com\/de\/tourismus-inseln-vendee\/","url":"https:\/\/www.lescale-du-perthuis.com\/de\/tourismus-inseln-vendee\/","name":"Erkunden Sie die Inseln der Vend\u00e9e | Besuchen Sie die Inseln der Vend\u00e9e","isPartOf":{"@id":"https:\/\/www.lescale-du-perthuis.com\/de\/#website"},"primaryImageOfPage":{"@id":"https:\/\/www.lescale-du-perthuis.com\/de\/tourismus-inseln-vendee\/#primaryimage"},"image":{"@id":"https:\/\/www.lescale-du-perthuis.com\/de\/tourismus-inseln-vendee\/#primaryimage"},"thumbnailUrl":"https:\/\/www.lescale-du-perthuis.com\/wp-content\/uploads\/sites\/25\/2025\/01\/4-H.Marcou.-La-Baie-des-Sables-dOlonne_1-scaled.webp","datePublished":"2025-01-07T15:06:38+00:00","dateModified":"2025-02-20T14:12:22+00:00","description":"Erkunden Sie die Inseln der Vend\u00e9e: \u00cele d'Aix, \u00cele de R\u00e9 und Fort Boyard. Kulturerbe, Str\u00e4nde, Wassersport und unvergessliche Kreuzfahrten erwarten Sie!","breadcrumb":{"@id":"https:\/\/www.lescale-du-perthuis.com\/de\/tourismus-inseln-vendee\/#breadcrumb"},"inLanguage":"de","potentialAction":[{"@type":"ReadAction","target":["https:\/\/www.lescale-du-perthuis.com\/de\/tourismus-inseln-vendee\/"]}]},{"@type":"ImageObject","inLanguage":"de","@id":"https:\/\/www.lescale-du-perthuis.com\/de\/tourismus-inseln-vendee\/#primaryimage","url":"https:\/\/www.lescale-du-perthuis.com\/wp-content\/uploads\/sites\/25\/2025\/01\/4-H.Marcou.-La-Baie-des-Sables-dOlonne_1-scaled.webp","contentUrl":"https:\/\/www.lescale-du-perthuis.com\/wp-content\/uploads\/sites\/25\/2025\/01\/4-H.Marcou.-La-Baie-des-Sables-dOlonne_1-scaled.webp","width":2560,"height":667,"caption":"4 H.Marcou. Die Bucht von Les Sables d'Olonne 1"},{"@type":"BreadcrumbList","@id":"https:\/\/www.lescale-du-perthuis.com\/de\/tourismus-inseln-vendee\/#breadcrumb","itemListElement":[{"@type":"ListItem","position":1,"name":"Camping in der Vend\u00e9e","item":"https:\/\/www.lescale-du-perthuis.com\/de\/"},{"@type":"ListItem","position":2,"name":"Entdecken Sie die Inseln der Vend\u00e9e"}]},{"@type":"WebSite","@id":"https:\/\/www.lescale-du-perthuis.com\/de\/#website","url":"https:\/\/www.lescale-du-perthuis.com\/de\/","name":"Camping L&#039;Escale de Perthuis","description":"","publisher":{"@id":"https:\/\/www.lescale-du-perthuis.com\/de\/#organization"},"potentialAction":[{"@type":"SearchAction","target":{"@type":"EntryPoint","urlTemplate":"https:\/\/www.lescale-du-perthuis.com\/de\/?s={search_term_string}"},"query-input":{"@type":"PropertyValueSpecification","valueRequired":true,"valueName":"search_term_string"}}],"inLanguage":"de"},{"@type":"Organization","@id":"https:\/\/www.lescale-du-perthuis.com\/de\/#organization","name":"Camping L&#039;Escale de Perthuis","url":"https:\/\/www.lescale-du-perthuis.com\/de\/","logo":{"@type":"ImageObject","inLanguage":"de","@id":"https:\/\/www.lescale-du-perthuis.com\/de\/#\/schema\/logo\/image\/","url":"https:\/\/www.lescale-du-perthuis.com\/wp-content\/uploads\/sites\/25\/2024\/07\/cropped-logo_camping_l_escale_du_perthuis.png","contentUrl":"https:\/\/www.lescale-du-perthuis.com\/wp-content\/uploads\/sites\/25\/2024\/07\/cropped-logo_camping_l_escale_du_perthuis.png","width":200,"height":321,"caption":"Camping L&#039;Escale de Perthuis"},"image":{"@id":"https:\/\/www.lescale-du-perthuis.com\/de\/#\/schema\/logo\/image\/"}}]}},"_links":{"self":[{"href":"https:\/\/www.lescale-du-perthuis.com\/de\/wp-json\/wp\/v2\/pages\/1964","targetHints":{"allow":["GET"]}}],"collection":[{"href":"https:\/\/www.lescale-du-perthuis.com\/de\/wp-json\/wp\/v2\/pages"}],"about":[{"href":"https:\/\/www.lescale-du-perthuis.com\/de\/wp-json\/wp\/v2\/types\/page"}],"author":[{"embeddable":true,"href":"https:\/\/www.lescale-du-perthuis.com\/de\/wp-json\/wp\/v2\/users\/1"}],"replies":[{"embeddable":true,"href":"https:\/\/www.lescale-du-perthuis.com\/de\/wp-json\/wp\/v2\/comments?post=1964"}],"version-history":[{"count":5,"href":"https:\/\/www.lescale-du-perthuis.com\/de\/wp-json\/wp\/v2\/pages\/1964\/revisions"}],"predecessor-version":[{"id":2316,"href":"https:\/\/www.lescale-du-perthuis.com\/de\/wp-json\/wp\/v2\/pages\/1964\/revisions\/2316"}],"wp:featuredmedia":[{"embeddable":true,"href":"https:\/\/www.lescale-du-perthuis.com\/de\/wp-json\/wp\/v2\/media\/1400"}],"wp:attachment":[{"href":"https:\/\/www.lescale-du-perthuis.com\/de\/wp-json\/wp\/v2\/media?parent=1964"}],"wp:term":[{"taxonomy":"sujet","embeddable":true,"href":"https:\/\/www.lescale-du-perthuis.com\/de\/wp-json\/wp\/v2\/sujet?post=1964"}],"curies":[{"name":"wp","href":"https:\/\/api.w.org\/{rel}","templated":true}]}}