{"id":1978,"date":"2024-07-30T07:43:37","date_gmt":"2024-07-30T07:43:37","guid":{"rendered":"https:\/\/www.lescale-du-perthuis.com\/camping-ecologische-vendee\/"},"modified":"2025-02-20T13:56:57","modified_gmt":"2025-02-20T13:56:57","slug":"camping-ecologische-vendee","status":"publish","type":"page","link":"https:\/\/www.lescale-du-perthuis.com\/nl\/camping-ecologische-vendee\/","title":{"rendered":"Onze verplichtingen"},"content":{"rendered":"<section id=\"ls-section-block_e62263d6917114422a399d7aacb62718\" class=\"ls-section  page-one has-background has-color-4-background-color has-m-t m-t-0 has-m-b m-b-0 has-p-t p-t-14 has-p-b p-b-14\" >\r\n        <div class=\"container container--wide\">\r\n        \n\n<div class=\"wp-block-columns is-layout-flex wp-container-core-columns-is-layout-1 wp-block-columns-is-layout-flex\">\n<div class=\"wp-block-column animated fadeInLeft delay-100ms slow is-layout-flow wp-block-column-is-layout-flow\" style=\"flex-basis:45%\">\n<figure class=\"wp-block-image size-full\"><a href=\"http:\/\/www.lescale-du-perthuis.com\/wp-content\/uploads\/sites\/25\/2025\/01\/camping-lescale-du-perthuis-en-vendee-a-pied.webp\"><img loading=\"lazy\" decoding=\"async\" width=\"1000\" height=\"750\" src=\"http:\/\/www.lescale-du-perthuis.com\/wp-content\/uploads\/sites\/25\/2025\/01\/camping-lescale-du-perthuis-en-vendee-a-pied.webp\" alt=\"camping lescale du perthuis in vendee te voet\" class=\"wp-image-1000\" srcset=\"https:\/\/www.lescale-du-perthuis.com\/wp-content\/uploads\/sites\/25\/2025\/01\/camping-lescale-du-perthuis-en-vendee-a-pied.webp 1000w, https:\/\/www.lescale-du-perthuis.com\/wp-content\/uploads\/sites\/25\/2025\/01\/camping-lescale-du-perthuis-en-vendee-a-pied-300x225.webp 300w, https:\/\/www.lescale-du-perthuis.com\/wp-content\/uploads\/sites\/25\/2025\/01\/camping-lescale-du-perthuis-en-vendee-a-pied-768x576.webp 768w\" sizes=\"auto, (max-width: 1000px) 100vw, 1000px\" \/><\/a><\/figure>\n<\/div>\n\n\n\n<div class=\"wp-block-column is-vertically-aligned-center animated fadeInRight slow is-layout-flow wp-block-column-is-layout-flow\" style=\"flex-basis:55%\">\n<h1 class=\"ls__heading wp-block-heading\">Ecologisch ge\u00ebngageerde camping in de Vend\u00e9e<\/h1>\n\n\n\n<h2 class=\"ls__heading wp-block-heading\">Onze camping in de Vend\u00e9e zet zich in voor het milieu  <\/h2>\n\n\n\n<p class=\"ls-paragraph\">Een verblijf op onze <a href=\"https:\/\/www.lescale-du-perthuis.com\/nl\/\">camping in de Vend\u00e9e<\/a> betekent volop profiteren van <a href=\"https:\/\/www.lescale-du-perthuis.com\/nl\/toerisme-natuurlijke-vendee\/\">de natuur<\/a> in een ongerepte omgeving, waar <strong>respect voor het milieu<\/strong> centraal staat.  <\/p>\n\n\n\n<p class=\"ls-paragraph\">Genesteld in een rustgevende natuurlijke omgeving, <strong>zet onze camping zich in voor het behoud van de schoonheid die haar omringt<\/strong> en biedt<strong> vakanties in perfecte<\/strong> harmonie met de natuur.  <\/p>\n\n\n\n<p class=\"ls-paragraph\">Hier wordt elke vakantie een uitnodiging om te ontspannen, je goed te voelen en nieuwe dingen te ontdekken, terwijl je meehelpt om onze prachtige <a href=\"https:\/\/www.lescale-du-perthuis.com\/nl\/toerisme-vendee\/\">regio te<\/a> beschermen.<\/p>\n<\/div>\n<\/div>\n\n\r\n    <\/div>\r\n<\/section><section id=\"ls-section-block_12997621f700797dde33c3e4ff53e0d3\" class=\"ls-section  page-one has-background has-color-white-background-color has-m-b m-b-0 has-p-t p-t-14\" >\r\n        <div class=\"container container--wide\">\r\n        \n\n<div class=\"wp-block-columns is-layout-flex wp-container-core-columns-is-layout-2 wp-block-columns-is-layout-flex\">\n<div class=\"wp-block-column is-vertically-aligned-center first  animated fadeInLeft slow is-layout-flow wp-block-column-is-layout-flow\" style=\"flex-basis:55%\">\n<h2 class=\"ls__heading wp-block-heading\">Onze ecologische verplichtingen op de camping<\/h2>\n\n\n\n<p class=\"ls-paragraph\">Voor het seizoen 2025 zet onze camping <a href=\"https:\/\/www.lescale-du-perthuis.com\/nl\/toerisme-la-tranche-sur-mer\/\">aan zee<\/a> in de Vend\u00e9e zich in voor een <strong>ecologisch verantwoorde<\/strong> aanpak om <strong>ons milieu te beschermen<\/strong>.<\/p>\n\n\n\n<p class=\"ls-paragraph\">Zachte mobiliteit, energie-effici\u00ebntie en het monitoren van water-, gas- en elektriciteitsverbruik staan centraal in onze acties.  <\/p>\n\n\n\n<p class=\"ls-paragraph\">Binnenkort wordt een handvest met milieuverantwoorde verplichtingen opgesteld om onze initiatieven te begeleiden.  <\/p>\n\n\n\n<p class=\"ls-paragraph\">We werken ook aan <strong>de bescherming van de biodiversiteit en maken onze klanten bewust van het belang van eco-burger zijn<\/strong>. Laten we samen bijdragen aan duurzamere vakanties met respect voor de natuur. <\/p>\n<\/div>\n\n\n\n<div class=\"wp-block-column second animated fadeInRight delay-100ms slow is-layout-flow wp-block-column-is-layout-flow\" style=\"flex-basis:45%\">\n<figure class=\"wp-block-image size-full\"><a href=\"http:\/\/www.lescale-du-perthuis.com\/wp-content\/uploads\/sites\/25\/2025\/01\/camping-lescale-du-perthuis-en-vendee-groupe-et-comite-dentreprise.webp\"><img loading=\"lazy\" decoding=\"async\" width=\"1000\" height=\"750\" src=\"http:\/\/www.lescale-du-perthuis.com\/wp-content\/uploads\/sites\/25\/2025\/01\/camping-lescale-du-perthuis-en-vendee-groupe-et-comite-dentreprise.webp\" alt=\"camping lescale du perthuis in vendee groep en ondernemingsraad\" class=\"wp-image-1060\" srcset=\"https:\/\/www.lescale-du-perthuis.com\/wp-content\/uploads\/sites\/25\/2025\/01\/camping-lescale-du-perthuis-en-vendee-groupe-et-comite-dentreprise.webp 1000w, https:\/\/www.lescale-du-perthuis.com\/wp-content\/uploads\/sites\/25\/2025\/01\/camping-lescale-du-perthuis-en-vendee-groupe-et-comite-dentreprise-300x225.webp 300w, https:\/\/www.lescale-du-perthuis.com\/wp-content\/uploads\/sites\/25\/2025\/01\/camping-lescale-du-perthuis-en-vendee-groupe-et-comite-dentreprise-768x576.webp 768w\" sizes=\"auto, (max-width: 1000px) 100vw, 1000px\" \/><\/a><\/figure>\n<\/div>\n<\/div>\n\n\r\n    <\/div>\r\n<\/section><section id=\"ls-section-block_fbc2fea4bd1a36fc71934da2eac22f49\" class=\"ls-section  page-maillage experience has-m-t m-t-0 has-p-t p-t-10\" >\r\n        <div class=\"container container--wide\">\r\n        \n\n<div id=\"ls-heading ls-titre-div-block_fa1a8b9b3fd561d226c0b5a06e2e5843\" class=\"ls-titre-div aligncenter h2-like\" >\n    Waarom kiezen voor <strong>onze camping<\/strong>?<\/div>\n\n\n<div id=\"ls-maillage-block_72022cf56387f0f10c020faa48c5b7d4\" class=\"ls-maillage cta-style-normal\" data-rows=\"3\">\n    <div class=\"wp-block-columns\"><div class=\"wp-block-column\"><div id=\"destinations\" class=\"ls-cta\">\n\n<a href=\"https:\/\/www.lescale-du-perthuis.com\/nl\/toerisme-vendee\/\" target=\"\" rel=\"noopener\" class=\"ls-cta__link\">\n\n\t<div class=\"ls-cta__image\"><img decoding=\"async\" src=\"https:\/\/www.lescale-du-perthuis.com\/wp-content\/uploads\/sites\/25\/2025\/01\/Design-sans-titre-25.webp\" alt=\"ontdek het vendee perthuis\"><\/div>\n\t<div class=\"ls-cta__title\">\n\t\tOntdek de Vend\u00e9e\t<\/div>\n\n\t\t\n<\/a><\/div><\/div><div class=\"wp-block-column\"><div id=\"destinations\" class=\"ls-cta\">\n\n<a href=\"https:\/\/www.lescale-du-perthuis.com\/nl\/toerisme-la-tranche-sur-mer\/\" target=\"\" rel=\"noopener\" class=\"ls-cta__link\">\n\n\t<div class=\"ls-cta__image\"><img decoding=\"async\" src=\"https:\/\/www.lescale-du-perthuis.com\/wp-content\/uploads\/sites\/25\/2025\/01\/camping-en-vendee-balade.webp\" alt=\"kamperen in de vendee\"><\/div>\n\t<div class=\"ls-cta__title\">\n\t\tDe kust verkennen\t<\/div>\n\n\t\t\n<\/a><\/div><\/div><div class=\"wp-block-column\"><div id=\"destinations\" class=\"ls-cta\">\n\n<a href=\"https:\/\/www.lescale-du-perthuis.com\/nl\/camping-animaties-la-tranche-sur-mer\/\" target=\"\" rel=\"noopener\" class=\"ls-cta__link\">\n\n\t<div class=\"ls-cta__image\"><img decoding=\"async\" src=\"https:\/\/www.lescale-du-perthuis.com\/wp-content\/uploads\/sites\/25\/2026\/01\/Lescale_du_Perthuis_mascotte_du_camping-scaled.webp\" alt=\"Camping mascotte L'escale du Perthuis\"><\/div>\n\t<div class=\"ls-cta__title\">\n\t\tVrijetijdsactiviteiten\t<\/div>\n\n\t\t\n<\/a><\/div><\/div><\/div><\/div>\n\r\n    <\/div>\r\n<\/section>","protected":false},"excerpt":{"rendered":"","protected":false},"author":1,"featured_media":880,"parent":0,"menu_order":0,"comment_status":"closed","ping_status":"closed","template":"","meta":{"_acf_changed":false,"footnotes":""},"sujet":[],"class_list":["post-1978","page","type-page","status-publish","has-post-thumbnail","hentry"],"acf":[],"yoast_head":"<!-- This site is optimized with the Yoast SEO plugin v23.9 - https:\/\/yoast.com\/wordpress\/plugins\/seo\/ -->\n<title>Ecologische camping in de Vend\u00e9e | Camping Escale du Perthuis<\/title>\n<meta name=\"description\" content=\"Ontdek een ecologische camping in de Vend\u00e9e: ongerepte natuur, energie-effici\u00ebntie, biodiversiteit en een verantwoorde vakantie aan zee.\" \/>\n<meta name=\"robots\" content=\"index, follow, max-snippet:-1, max-image-preview:large, max-video-preview:-1\" \/>\n<link rel=\"canonical\" href=\"https:\/\/www.lescale-du-perthuis.com\/nl\/camping-ecologische-vendee\/\" \/>\n<meta property=\"og:locale\" content=\"nl_NL\" \/>\n<meta property=\"og:type\" content=\"article\" \/>\n<meta property=\"og:title\" content=\"Ecologische camping in de Vend\u00e9e | Camping Escale du Perthuis\" \/>\n<meta property=\"og:description\" content=\"Ontdek een ecologische camping in de Vend\u00e9e: ongerepte natuur, energie-effici\u00ebntie, biodiversiteit en een verantwoorde vakantie aan zee.\" \/>\n<meta property=\"og:url\" content=\"https:\/\/www.lescale-du-perthuis.com\/nl\/camping-ecologische-vendee\/\" \/>\n<meta property=\"og:site_name\" content=\"Camping L&#039;Escale de Perthuis\" \/>\n<meta property=\"article:modified_time\" content=\"2025-02-20T13:56:57+00:00\" \/>\n<meta property=\"og:image\" content=\"https:\/\/www.lescale-du-perthuis.com\/wp-content\/uploads\/sites\/25\/2025\/01\/camping-lescale-du-perthuis-ecologie.webp\" \/>\n\t<meta property=\"og:image:width\" content=\"2500\" \/>\n\t<meta property=\"og:image:height\" content=\"750\" \/>\n\t<meta property=\"og:image:type\" content=\"image\/webp\" \/>\n<meta name=\"twitter:card\" content=\"summary_large_image\" \/>\n<meta name=\"twitter:label1\" content=\"Geschatte leestijd\" \/>\n\t<meta name=\"twitter:data1\" content=\"1 minuut\" \/>\n<script type=\"application\/ld+json\" class=\"yoast-schema-graph\">{\"@context\":\"https:\/\/schema.org\",\"@graph\":[{\"@type\":\"WebPage\",\"@id\":\"https:\/\/www.lescale-du-perthuis.com\/nl\/camping-ecologische-vendee\/\",\"url\":\"https:\/\/www.lescale-du-perthuis.com\/nl\/camping-ecologische-vendee\/\",\"name\":\"Ecologische camping in de Vend\u00e9e | Camping Escale du Perthuis\",\"isPartOf\":{\"@id\":\"https:\/\/www.lescale-du-perthuis.com\/nl\/#website\"},\"primaryImageOfPage\":{\"@id\":\"https:\/\/www.lescale-du-perthuis.com\/nl\/camping-ecologische-vendee\/#primaryimage\"},\"image\":{\"@id\":\"https:\/\/www.lescale-du-perthuis.com\/nl\/camping-ecologische-vendee\/#primaryimage\"},\"thumbnailUrl\":\"https:\/\/www.lescale-du-perthuis.com\/wp-content\/uploads\/sites\/25\/2025\/01\/camping-lescale-du-perthuis-ecologie.webp\",\"datePublished\":\"2024-07-30T07:43:37+00:00\",\"dateModified\":\"2025-02-20T13:56:57+00:00\",\"description\":\"Ontdek een ecologische camping in de Vend\u00e9e: ongerepte natuur, energie-effici\u00ebntie, biodiversiteit en een verantwoorde vakantie aan zee.\",\"breadcrumb\":{\"@id\":\"https:\/\/www.lescale-du-perthuis.com\/nl\/camping-ecologische-vendee\/#breadcrumb\"},\"inLanguage\":\"nl-NL\",\"potentialAction\":[{\"@type\":\"ReadAction\",\"target\":[\"https:\/\/www.lescale-du-perthuis.com\/nl\/camping-ecologische-vendee\/\"]}]},{\"@type\":\"ImageObject\",\"inLanguage\":\"nl-NL\",\"@id\":\"https:\/\/www.lescale-du-perthuis.com\/nl\/camping-ecologische-vendee\/#primaryimage\",\"url\":\"https:\/\/www.lescale-du-perthuis.com\/wp-content\/uploads\/sites\/25\/2025\/01\/camping-lescale-du-perthuis-ecologie.webp\",\"contentUrl\":\"https:\/\/www.lescale-du-perthuis.com\/wp-content\/uploads\/sites\/25\/2025\/01\/camping-lescale-du-perthuis-ecologie.webp\",\"width\":2500,\"height\":750,\"caption\":\"camping lescale du perthuis ecologie\"},{\"@type\":\"BreadcrumbList\",\"@id\":\"https:\/\/www.lescale-du-perthuis.com\/nl\/camping-ecologische-vendee\/#breadcrumb\",\"itemListElement\":[{\"@type\":\"ListItem\",\"position\":1,\"name\":\"Kamperen in de Vend\u00e9e\",\"item\":\"https:\/\/www.lescale-du-perthuis.com\/nl\/\"},{\"@type\":\"ListItem\",\"position\":2,\"name\":\"Ecologische camping in La Tranche sur Mer\"}]},{\"@type\":\"WebSite\",\"@id\":\"https:\/\/www.lescale-du-perthuis.com\/nl\/#website\",\"url\":\"https:\/\/www.lescale-du-perthuis.com\/nl\/\",\"name\":\"Camping L&#039;Escale de Perthuis\",\"description\":\"\",\"publisher\":{\"@id\":\"https:\/\/www.lescale-du-perthuis.com\/nl\/#organization\"},\"potentialAction\":[{\"@type\":\"SearchAction\",\"target\":{\"@type\":\"EntryPoint\",\"urlTemplate\":\"https:\/\/www.lescale-du-perthuis.com\/nl\/?s={search_term_string}\"},\"query-input\":{\"@type\":\"PropertyValueSpecification\",\"valueRequired\":true,\"valueName\":\"search_term_string\"}}],\"inLanguage\":\"nl-NL\"},{\"@type\":\"Organization\",\"@id\":\"https:\/\/www.lescale-du-perthuis.com\/nl\/#organization\",\"name\":\"Camping L&#039;Escale de Perthuis\",\"url\":\"https:\/\/www.lescale-du-perthuis.com\/nl\/\",\"logo\":{\"@type\":\"ImageObject\",\"inLanguage\":\"nl-NL\",\"@id\":\"https:\/\/www.lescale-du-perthuis.com\/nl\/#\/schema\/logo\/image\/\",\"url\":\"https:\/\/www.lescale-du-perthuis.com\/wp-content\/uploads\/sites\/25\/2024\/07\/cropped-logo_camping_l_escale_du_perthuis.png\",\"contentUrl\":\"https:\/\/www.lescale-du-perthuis.com\/wp-content\/uploads\/sites\/25\/2024\/07\/cropped-logo_camping_l_escale_du_perthuis.png\",\"width\":200,\"height\":321,\"caption\":\"Camping L&#039;Escale de Perthuis\"},\"image\":{\"@id\":\"https:\/\/www.lescale-du-perthuis.com\/nl\/#\/schema\/logo\/image\/\"}}]}<\/script>\n<!-- \/ Yoast SEO plugin. -->","yoast_head_json":{"title":"Ecologische camping in de Vend\u00e9e | Camping Escale du Perthuis","description":"Ontdek een ecologische camping in de Vend\u00e9e: ongerepte natuur, energie-effici\u00ebntie, biodiversiteit en een verantwoorde vakantie aan zee.","robots":{"index":"index","follow":"follow","max-snippet":"max-snippet:-1","max-image-preview":"max-image-preview:large","max-video-preview":"max-video-preview:-1"},"canonical":"https:\/\/www.lescale-du-perthuis.com\/nl\/camping-ecologische-vendee\/","og_locale":"nl_NL","og_type":"article","og_title":"Ecologische camping in de Vend\u00e9e | Camping Escale du Perthuis","og_description":"Ontdek een ecologische camping in de Vend\u00e9e: ongerepte natuur, energie-effici\u00ebntie, biodiversiteit en een verantwoorde vakantie aan zee.","og_url":"https:\/\/www.lescale-du-perthuis.com\/nl\/camping-ecologische-vendee\/","og_site_name":"Camping L&#039;Escale de Perthuis","article_modified_time":"2025-02-20T13:56:57+00:00","og_image":[{"width":2500,"height":750,"url":"https:\/\/www.lescale-du-perthuis.com\/wp-content\/uploads\/sites\/25\/2025\/01\/camping-lescale-du-perthuis-ecologie.webp","type":"image\/webp"}],"twitter_card":"summary_large_image","twitter_misc":{"Geschatte leestijd":"1 minuut"},"schema":{"@context":"https:\/\/schema.org","@graph":[{"@type":"WebPage","@id":"https:\/\/www.lescale-du-perthuis.com\/nl\/camping-ecologische-vendee\/","url":"https:\/\/www.lescale-du-perthuis.com\/nl\/camping-ecologische-vendee\/","name":"Ecologische camping in de Vend\u00e9e | Camping Escale du Perthuis","isPartOf":{"@id":"https:\/\/www.lescale-du-perthuis.com\/nl\/#website"},"primaryImageOfPage":{"@id":"https:\/\/www.lescale-du-perthuis.com\/nl\/camping-ecologische-vendee\/#primaryimage"},"image":{"@id":"https:\/\/www.lescale-du-perthuis.com\/nl\/camping-ecologische-vendee\/#primaryimage"},"thumbnailUrl":"https:\/\/www.lescale-du-perthuis.com\/wp-content\/uploads\/sites\/25\/2025\/01\/camping-lescale-du-perthuis-ecologie.webp","datePublished":"2024-07-30T07:43:37+00:00","dateModified":"2025-02-20T13:56:57+00:00","description":"Ontdek een ecologische camping in de Vend\u00e9e: ongerepte natuur, energie-effici\u00ebntie, biodiversiteit en een verantwoorde vakantie aan zee.","breadcrumb":{"@id":"https:\/\/www.lescale-du-perthuis.com\/nl\/camping-ecologische-vendee\/#breadcrumb"},"inLanguage":"nl-NL","potentialAction":[{"@type":"ReadAction","target":["https:\/\/www.lescale-du-perthuis.com\/nl\/camping-ecologische-vendee\/"]}]},{"@type":"ImageObject","inLanguage":"nl-NL","@id":"https:\/\/www.lescale-du-perthuis.com\/nl\/camping-ecologische-vendee\/#primaryimage","url":"https:\/\/www.lescale-du-perthuis.com\/wp-content\/uploads\/sites\/25\/2025\/01\/camping-lescale-du-perthuis-ecologie.webp","contentUrl":"https:\/\/www.lescale-du-perthuis.com\/wp-content\/uploads\/sites\/25\/2025\/01\/camping-lescale-du-perthuis-ecologie.webp","width":2500,"height":750,"caption":"camping lescale du perthuis ecologie"},{"@type":"BreadcrumbList","@id":"https:\/\/www.lescale-du-perthuis.com\/nl\/camping-ecologische-vendee\/#breadcrumb","itemListElement":[{"@type":"ListItem","position":1,"name":"Kamperen in de Vend\u00e9e","item":"https:\/\/www.lescale-du-perthuis.com\/nl\/"},{"@type":"ListItem","position":2,"name":"Ecologische camping in La Tranche sur Mer"}]},{"@type":"WebSite","@id":"https:\/\/www.lescale-du-perthuis.com\/nl\/#website","url":"https:\/\/www.lescale-du-perthuis.com\/nl\/","name":"Camping L&#039;Escale de Perthuis","description":"","publisher":{"@id":"https:\/\/www.lescale-du-perthuis.com\/nl\/#organization"},"potentialAction":[{"@type":"SearchAction","target":{"@type":"EntryPoint","urlTemplate":"https:\/\/www.lescale-du-perthuis.com\/nl\/?s={search_term_string}"},"query-input":{"@type":"PropertyValueSpecification","valueRequired":true,"valueName":"search_term_string"}}],"inLanguage":"nl-NL"},{"@type":"Organization","@id":"https:\/\/www.lescale-du-perthuis.com\/nl\/#organization","name":"Camping L&#039;Escale de Perthuis","url":"https:\/\/www.lescale-du-perthuis.com\/nl\/","logo":{"@type":"ImageObject","inLanguage":"nl-NL","@id":"https:\/\/www.lescale-du-perthuis.com\/nl\/#\/schema\/logo\/image\/","url":"https:\/\/www.lescale-du-perthuis.com\/wp-content\/uploads\/sites\/25\/2024\/07\/cropped-logo_camping_l_escale_du_perthuis.png","contentUrl":"https:\/\/www.lescale-du-perthuis.com\/wp-content\/uploads\/sites\/25\/2024\/07\/cropped-logo_camping_l_escale_du_perthuis.png","width":200,"height":321,"caption":"Camping L&#039;Escale de Perthuis"},"image":{"@id":"https:\/\/www.lescale-du-perthuis.com\/nl\/#\/schema\/logo\/image\/"}}]}},"_links":{"self":[{"href":"https:\/\/www.lescale-du-perthuis.com\/nl\/wp-json\/wp\/v2\/pages\/1978","targetHints":{"allow":["GET"]}}],"collection":[{"href":"https:\/\/www.lescale-du-perthuis.com\/nl\/wp-json\/wp\/v2\/pages"}],"about":[{"href":"https:\/\/www.lescale-du-perthuis.com\/nl\/wp-json\/wp\/v2\/types\/page"}],"author":[{"embeddable":true,"href":"https:\/\/www.lescale-du-perthuis.com\/nl\/wp-json\/wp\/v2\/users\/1"}],"replies":[{"embeddable":true,"href":"https:\/\/www.lescale-du-perthuis.com\/nl\/wp-json\/wp\/v2\/comments?post=1978"}],"version-history":[{"count":2,"href":"https:\/\/www.lescale-du-perthuis.com\/nl\/wp-json\/wp\/v2\/pages\/1978\/revisions"}],"predecessor-version":[{"id":2273,"href":"https:\/\/www.lescale-du-perthuis.com\/nl\/wp-json\/wp\/v2\/pages\/1978\/revisions\/2273"}],"wp:featuredmedia":[{"embeddable":true,"href":"https:\/\/www.lescale-du-perthuis.com\/nl\/wp-json\/wp\/v2\/media\/880"}],"wp:attachment":[{"href":"https:\/\/www.lescale-du-perthuis.com\/nl\/wp-json\/wp\/v2\/media?parent=1978"}],"wp:term":[{"taxonomy":"sujet","embeddable":true,"href":"https:\/\/www.lescale-du-perthuis.com\/nl\/wp-json\/wp\/v2\/sujet?post=1978"}],"curies":[{"name":"wp","href":"https:\/\/api.w.org\/{rel}","templated":true}]}}